{"id":4384,"date":"2021-06-03T05:51:22","date_gmt":"2021-06-03T08:51:22","guid":{"rendered":"https:\/\/faubai.org.br\/?page_id=4384"},"modified":"2021-06-03T06:11:08","modified_gmt":"2021-06-03T09:11:08","slug":"repositorio-covid","status":"publish","type":"page","link":"https:\/\/faubai.org.br\/en\/projetos\/repositorio-covid\/","title":{"rendered":"Reposit\u00f3rio COVID-19 FAUBAI \/ FAUBAI COVID-19 Repository"},"content":{"rendered":"<div data-elementor-type=\"wp-page\" data-elementor-id=\"4384\" class=\"elementor elementor-4384\">\n\t\t\t\t\t\t<section class=\"elementor-section elementor-top-section elementor-element elementor-element-3ac30fe elementor-section-boxed elementor-section-height-default elementor-section-height-default\" data-id=\"3ac30fe\" data-element_type=\"section\">\r\n\t\t\r\n\t\t\t\t\t\t\t<div class=\"elementor-container elementor-column-gap-default\">\r\n\t\t\t\t\t\t\t\t\t\t\t<div class=\"elementor-column elementor-col-100 elementor-top-column elementor-element elementor-element-caa081f\" data-id=\"caa081f\" data-element_type=\"column\">\r\n\t\t\t\t\t<div class=\"elementor-widget-wrap elementor-element-populated\">\r\n\t\t\t\t\t\t\t\t<div class=\"elementor-element elementor-element-7fe2c71 elementor-widget elementor-widget-heading\" data-id=\"7fe2c71\" data-element_type=\"widget\" data-widget_type=\"heading.default\">\n\t\t\t\t<div class=\"elementor-widget-container\">\n\t\t\t<h2 class=\"elementor-heading-title elementor-size-default\">REPOSIT\u00d3RIO COVID-19 FAUBAI \/ FAUBAI COVID-19 REPOSITORY<\/h2>\t\t<\/div>\n\t\t\t\t<\/div>\n\t\t\t\t\t<\/div>\r\n\t\t\t\t<\/div>\r\n\t\t\t\t\t<\/div>\r\n\t\t\t\t<\/section>\r\n\t\t\t\t<section class=\"elementor-section elementor-top-section elementor-element elementor-element-6f76f98 elementor-section-boxed elementor-section-height-default elementor-section-height-default\" data-id=\"6f76f98\" data-element_type=\"section\">\r\n\t\t\r\n\t\t\t\t\t\t\t<div class=\"elementor-container elementor-column-gap-default\">\r\n\t\t\t\t\t\t\t\t\t\t\t<div class=\"elementor-column elementor-col-100 elementor-top-column elementor-element elementor-element-a9561e2\" data-id=\"a9561e2\" data-element_type=\"column\">\r\n\t\t\t\t\t<div class=\"elementor-widget-wrap elementor-element-populated\">\r\n\t\t\t\t\t\t\t\t<div class=\"elementor-element elementor-element-96ef8a2 elementor-widget elementor-widget-text-editor\" data-id=\"96ef8a2\" data-element_type=\"widget\" data-widget_type=\"text-editor.default\">\n\t\t\t\t<div class=\"elementor-widget-container\">\n\t\t\t\t\t\t\t<p class=\"c2\"><span class=\"c32 c35 c16\">REPOSIT\u00d3RIO COVID-19 FAUBAI<\/span><\/p><p class=\"c2\"><span class=\"c32 c35 c16\">FAUBAI COVID 19 REPOSITORY<\/span><\/p><p>\u00a0<\/p><p class=\"c2\"><span class=\"c32 c29 c16\">IES e Organiza\u00e7\u00f5es Brasileiras<\/span><\/p><p class=\"c2\"><span class=\"c32 c29 c16\">Brazilian HEI and Organizations<\/span><\/p><p class=\"c22 c25\"><span class=\"c32 c29 c16\">IES Estrangeiras e Organiza\u00e7\u00f5es Internacionais<\/span><\/p><p class=\"c2\"><span class=\"c16 c29\">Foreigner HEI and International Organizations<\/span><span class=\"c32 c16 c38\">\u00a0<\/span><\/p><p class=\"c2\"><span class=\"c32 c29 c16\">IES e Organiza\u00e7\u00f5es Brasileiras &#8211; Brazilian HEI and Organizations<\/span><\/p><p class=\"c17\"><span class=\"c0\">Respiradores da USP come\u00e7am a ser testados 24 horas por dia em 40 pacientes com coronav\u00edrus do Incor em SP<\/span><\/p><p class=\"c17\"><span class=\"c3 c16\"><a class=\"c5\" href=\"https:\/\/www.google.com\/url?q=https:\/\/g1.globo.com\/sp\/sao-paulo\/noticia\/2020\/07\/16\/respiradores-da-usp-serao-testados-24-horas-por-dia-em-40-pacientes-com-coronavirus-do-incor-em-sp.ghtml&amp;sa=D&amp;source=editors&amp;ust=1622713899516000&amp;usg=AOvVaw2oKBUcFk-cwOOYTFPABLcY\" target=\"_blank\" rel=\"noopener\">https:\/\/g1.globo.com\/sp\/sao-paulo\/noticia\/2020\/07\/16\/respiradores-da-usp-serao-testados-24-horas-por-dia-em-40-pacientes-com-coronavirus-do-incor-em-sp.ghtml<\/a><\/span><\/p><p class=\"c17\"><span class=\"c0\">Uerj institui aux\u00edlio emergencial a cotistas para inclus\u00e3o digital e aquisi\u00e7\u00e3o de material did\u00e1tico<\/span><\/p><p class=\"c17\"><span class=\"c3 c16\"><a class=\"c5\" href=\"https:\/\/www.google.com\/url?q=https:\/\/www.uerj.br\/noticia\/12431\/&amp;sa=D&amp;source=editors&amp;ust=1622713899517000&amp;usg=AOvVaw14gNY4bw67Iy8dsFgHZvqk\" target=\"_blank\" rel=\"noopener\">https:\/\/www.uerj.br\/noticia\/12431\/<\/a><\/span><\/p><p class=\"c17\"><span class=\"c0\">Reitor avalia conclus\u00e3o do processo sobre a retomada do ensino na UFSC<\/span><\/p><p class=\"c17\"><span class=\"c3 c16\"><a class=\"c5\" href=\"https:\/\/www.google.com\/url?q=https:\/\/noticias.ufsc.br\/2020\/07\/reitor-avalia-conclusao-do-processo-sobre-a-retomada-do-ensino-na-ufsc\/&amp;sa=D&amp;source=editors&amp;ust=1622713899518000&amp;usg=AOvVaw1FCunG03S1d7Ba7i-oircX\" target=\"_blank\" rel=\"noopener\">https:\/\/noticias.ufsc.br\/2020\/07\/reitor-avalia-conclusao-do-processo-sobre-a-retomada-do-ensino-na-ufsc\/<\/a><\/span><\/p><p class=\"c17\"><span class=\"c0\">Plantas medicinais e fitoter\u00e1picos que podem ser usados durante a COVID-19<\/span><\/p><p class=\"c17\"><span class=\"c3 c16\"><a class=\"c5\" href=\"https:\/\/www.google.com\/url?q=https:\/\/www.farmacia.ufmg.br\/wp-content\/uploads\/2020\/07\/Cartilha-PROEX.pdf&amp;sa=D&amp;source=editors&amp;ust=1622713899518000&amp;usg=AOvVaw1stTVAhXpkjgxJJP2yGeof\" target=\"_blank\" rel=\"noopener\">https:\/\/www.farmacia.ufmg.br\/wp-content\/uploads\/2020\/07\/Cartilha-PROEX.pdf<\/a><\/span><\/p><p class=\"c17\"><span class=\"c0\">Pesquisa da UFF reconta a hist\u00f3ria da pandemia a partir de relato dos idosos<\/span><\/p><p class=\"c17\"><span class=\"c3 c16\"><a class=\"c5\" href=\"https:\/\/www.google.com\/url?q=http:\/\/www.uff.br\/?q%3Dnoticias\/08-07-2020\/pesquisa-da-uff-reconta-historia-da-pandemia-partir-de-relato-dos-idosos&amp;sa=D&amp;source=editors&amp;ust=1622713899519000&amp;usg=AOvVaw2kVQjQ5AXz11L5qFmDevsj\" target=\"_blank\" rel=\"noopener\">http:\/\/www.uff.br\/?q=noticias\/08-07-2020\/pesquisa-da-uff-reconta-historia-da-pandemia-partir-de-relato-dos-idosos<\/a><\/span><\/p><p class=\"c17\"><span class=\"c0\">UFU aprova implementa\u00e7\u00e3o de atividades remotas nos cursos de gradua\u00e7\u00e3o<\/span><\/p><p class=\"c17\"><span class=\"c3 c16\"><a class=\"c5\" href=\"https:\/\/www.google.com\/url?q=http:\/\/comunica.ufu.br\/noticia\/2020\/07\/ufu-aprova-implementacao-de-atividades-remotas-nos-cursos-de-graduacao&amp;sa=D&amp;source=editors&amp;ust=1622713899519000&amp;usg=AOvVaw2wFJ1zGRPylsQxUIVQuXdO\" target=\"_blank\" rel=\"noopener\">http:\/\/comunica.ufu.br\/noticia\/2020\/07\/ufu-aprova-implementacao-de-atividades-remotas-nos-cursos-de-graduacao<\/a><\/span><\/p><p class=\"c17\"><span class=\"c0\">Aplicativo criado na USP faz o diagn\u00f3stico da covid-19 a partir de radiografia do pulm\u00e3o<\/span><\/p><p class=\"c17\"><span class=\"c3 c16\"><a class=\"c5\" href=\"https:\/\/www.google.com\/url?q=https:\/\/jornal.usp.br\/ciencias\/aplicativo-criado-na-usp-faz-o-diagnostico-da-covid-19-a-partir-de-radiografia-do-pulmao\/&amp;sa=D&amp;source=editors&amp;ust=1622713899520000&amp;usg=AOvVaw21feEHz7uRaYVQy7nESUMm\" target=\"_blank\" rel=\"noopener\">https:\/\/jornal.usp.br\/ciencias\/aplicativo-criado-na-usp-faz-o-diagnostico-da-covid-19-a-partir-de-radiografia-do-pulmao\/<\/a><\/span><\/p><p class=\"c17\"><span class=\"c0\">Pandemia far\u00e1 ensino a dist\u00e2ncia ser necess\u00e1rio at\u00e9 2021<\/span><\/p><p class=\"c17\"><span class=\"c3 c16\"><a class=\"c5\" href=\"https:\/\/www.google.com\/url?q=https:\/\/g1.globo.com\/educacao\/noticia\/2020\/07\/07\/pandemia-fara-ensino-a-distancia-ser-necessario-ate-2021-diz-parecer-aprovado-pelo-cne.ghtml&amp;sa=D&amp;source=editors&amp;ust=1622713899520000&amp;usg=AOvVaw1BqyVbO1d-Kf8KjkwT-lQV\" target=\"_blank\" rel=\"noopener\">https:\/\/g1.globo.com\/educacao\/noticia\/2020\/07\/07\/pandemia-fara-ensino-a-distancia-ser-necessario-ate-2021-diz-parecer-aprovado-pelo-cne.ghtml<\/a><\/span><\/p><p class=\"c17\"><span class=\"c0\">Covid-19: FAPERJ estende aos bolsistas de p\u00f3s-doutorado o benef\u00edcio da possibilidade de prorroga\u00e7\u00e3o<\/span><\/p><p class=\"c17\"><span class=\"c3 c16\"><a class=\"c5\" href=\"https:\/\/www.google.com\/url?q=http:\/\/www.faperj.br\/?id%3D4016.2.1&amp;sa=D&amp;source=editors&amp;ust=1622713899521000&amp;usg=AOvVaw0H_O38gmMSsLPk4vgixDTB\" target=\"_blank\" rel=\"noopener\">http:\/\/www.faperj.br\/?id=4016.2.1<\/a><\/span><\/p><p class=\"c17\"><span class=\"c0\">Pesquisadores de universidade desenvolvem roupa \u00e0 prova de coronavirus<\/span><\/p><p class=\"c17\"><span class=\"c3 c16\"><a class=\"c5\" href=\"https:\/\/www.google.com\/url?q=https:\/\/g1.globo.com\/jornal-nacional\/noticia\/2020\/07\/01\/pesquisadores-de-universidade-desenvolvem-roupa-a-prova-de-coronavirus.ghtml&amp;sa=D&amp;source=editors&amp;ust=1622713899522000&amp;usg=AOvVaw1uj02g3ozSapx5EvGSBKB2\" target=\"_blank\" rel=\"noopener\">https:\/\/g1.globo.com\/jornal-nacional\/noticia\/2020\/07\/01\/pesquisadores-de-universidade-desenvolvem-roupa-a-prova-de-coronavirus.ghtml<\/a><\/span><\/p><p class=\"c17\"><span class=\"c0\">A\u00e7\u00f5es da Rede Federal de EPCT para enfrentamento \u00e0 Covid-19<\/span><\/p><p class=\"c17\"><span class=\"c3 c16\"><a class=\"c5\" href=\"https:\/\/www.google.com\/url?q=http:\/\/portal.conif.org.br\/br\/component\/content\/article\/84-ultimas-noticias\/3495-conif-lanca-painel-com-acoes-da-rede-federal-durante-pandemia?Itemid%3D609&amp;sa=D&amp;source=editors&amp;ust=1622713899522000&amp;usg=AOvVaw2CUd12FxSaFJSgw8Q1IIKe\" target=\"_blank\" rel=\"noopener\">http:\/\/portal.conif.org.br\/br\/component\/content\/article\/84-ultimas-noticias\/3495-conif-lanca-painel-com-acoes-da-rede-federal-durante-pandemia?Itemid=609 \u00a0<\/a><\/span><\/p><p class=\"c17\"><span class=\"c0\">Ufes cria &#8220;Pulseira Anti-Covid&#8221; para monitorar distanciamento social<\/span><\/p><p class=\"c17\"><span class=\"c3 c16\"><a class=\"c5\" href=\"https:\/\/www.google.com\/url?q=https:\/\/www.agazeta&amp;sa=D&amp;source=editors&amp;ust=1622713899523000&amp;usg=AOvVaw1wabfc54vOnARci5G4YbUZ\" target=\"_blank\" rel=\"noopener\">https:\/\/www.agazeta.com.br\/es\/cotidiano\/ufes-cria-pulseira-anti-covid-para-monitorar-distanciamento-social-0620<\/a><\/span><\/p><p class=\"c17\"><span class=\"c0\">Reposit\u00f3rio de informa\u00e7\u00f5es cl\u00ednicas de COVID-19 no Brasil entra em plena opera\u00e7\u00e3o<\/span><\/p><p class=\"c17\"><span class=\"c3 c16\"><a class=\"c5\" href=\"https:\/\/www.google.com\/url?q=http:\/\/agencia.fapesp.br\/repositorio-de-informacoes-clinicas-de-covid-19-no-brasil-entra-em-plena-operacao\/33526\/%2522%2520%255Cl%2520%2522.XvyfhJlhIS4.facebook&amp;sa=D&amp;source=editors&amp;ust=1622713899523000&amp;usg=AOvVaw0qcEyqx82x2EmF2ilZuJ8X\" target=\"_blank\" rel=\"noopener\">http:\/\/agencia.fapesp.br\/repositorio-de-informacoes-clinicas-de-covid-19-no-brasil-entra-em-plena-operacao\/33526\/#.XvyfhJlhIS4.facebook<\/a><\/span><\/p><p class=\"c17\"><span class=\"c0\">UFU aprova atividades da p\u00f3s-gradua\u00e7\u00e3o em formato remoto<\/span><\/p><p class=\"c17\"><span class=\"c3 c16\"><a class=\"c5\" href=\"https:\/\/www.google.com\/url?q=http:\/\/www.comunica.ufu.br\/noticia\/2020\/06\/ufu-aprova-atividades-da-pos-graduacao-em-formato-remoto&amp;sa=D&amp;source=editors&amp;ust=1622713899524000&amp;usg=AOvVaw0c3j9PSHbMLhzPxNqZcnYM\" target=\"_blank\" rel=\"noopener\">http:\/\/www.comunica.ufu.br\/noticia\/2020\/06\/ufu-aprova-atividades-da-pos-graduacao-em-formato-remoto<\/a><\/span><\/p><p class=\"c17\"><span class=\"c0\">Suspens\u00e3o das atividades presenciais na Unicamp \u00e9 prorrogada por tempo indeterminado<\/span><\/p><p class=\"c17\"><span class=\"c3 c16\"><a class=\"c5\" href=\"https:\/\/www.google.com\/url?q=https:\/\/www.unicamp.br\/unicamp\/noticias\/2020\/06\/30\/suspensao-das-at&amp;sa=D&amp;source=editors&amp;ust=1622713899524000&amp;usg=AOvVaw1Kxq0HBPnVREphsLm-2VrO\" target=\"_blank\" rel=\"noopener\">https:\/\/www.unicamp.br\/unicamp\/noticias\/2020\/06\/30\/suspensao-das-atividades-presenciais-na-unicamp-e-prorrogada-por-tempo<\/a><\/span><\/p><p class=\"c17\"><span class=\"c0\">Professores e alunos da FEF promovem aulas online de exerc\u00edcios f\u00edsicos para idosos<\/span><\/p><p class=\"c17\"><span class=\"c3 c16\"><a class=\"c5\" href=\"https:\/\/www.google.com\/url?q=https:\/\/www.unicamp.br\/unicamp\/noticias\/2020\/06\/26\/professores-e-alunos-da-fef-promovem-aulas-online-de-exercicios-fisicos-para&amp;sa=D&amp;source=editors&amp;ust=1622713899525000&amp;usg=AOvVaw0pw2CwuBaZFqjqAO0LWQkC\" target=\"_blank\" rel=\"noopener\">https:\/\/www.unicamp.br\/unicamp\/noticias\/2020\/06\/26\/professores-e-alunos-da-fef-promovem-aulas-online-de-exercicios-fisicos-para<\/a><\/span><\/p><p class=\"c17\"><span class=\"c0\">Anima\u00e7\u00e3o traduz de forma po\u00e9tica sentimentos relacionados \u00e0 pandemia do coronav\u00edrus<\/span><\/p><p class=\"c17\"><span class=\"c3 c16\"><a class=\"c5\" href=\"https:\/\/www.google.com\/url?q=https:\/\/www.unicamp.br\/unicamp\/coronavirus\/animacao-traduz-de-forma-poetica-sentimentos-relacionados-pandemia-do&amp;sa=D&amp;source=editors&amp;ust=1622713899525000&amp;usg=AOvVaw1rdH4SAgsvo30jeXSWexF8\" target=\"_blank\" rel=\"noopener\">https:\/\/www.unicamp.br\/unicamp\/coronavirus\/animacao-traduz-de-forma-poetica-sentimentos-relacionados-pandemia-do<\/a><\/span><\/p><p class=\"c17\"><span class=\"c0\">Uerj desenvolve aparelho que detecta carga de coronav\u00edrus no ambiente<\/span><\/p><p class=\"c17\"><span class=\"c3 c16\"><a class=\"c5\" href=\"https:\/\/www.google.com\/url?q=https:\/\/noticias.uol.com.br\/saude\/ultimas-noticias\/redacao\/2020\/06\/29\/uerj-d&amp;sa=D&amp;source=editors&amp;ust=1622713899526000&amp;usg=AOvVaw02vfRxdEp4LNXqKV8k6Ucm\" target=\"_blank\" rel=\"noopener\">https:\/\/noticias.uol.com.br\/saude\/ultimas-noticias\/redacao\/2020\/06\/29\/uerj-desenvolve-aparelho-que-detecta-carga-de-coronavirus-no-ambiente.htm<\/a><\/span><\/p><p class=\"c17\"><span class=\"c0\">Pesquisadores de UFSCar desenvolvem roupa \u00e0 prova de coronav\u00edrus<\/span><\/p><p class=\"c17\"><span class=\"c3 c16\"><a class=\"c5\" href=\"https:\/\/www.google.com\/url?q=https:\/\/g1.globo.com\/jornal-nacional\/noticia\/2020\/07\/01\/pesquisadores-de-universidade-desenvolvem-roupa-a-prova-de-coronavirus.ghtml&amp;sa=D&amp;source=editors&amp;ust=1622713899527000&amp;usg=AOvVaw2Z7XzQGWPq9z5pD8MbJZbq\" target=\"_blank\" rel=\"noopener\">https:\/\/g1.globo.com\/jornal-nacional\/noticia\/2020\/07\/01\/pesquisadores-de-universidade-desenvolvem-roupa-a-prova-de-coronavirus.ghtml<\/a><\/span><\/p><p class=\"c17\"><span class=\"c0\">Grupo de divulga\u00e7\u00e3o cient\u00edfica da USP mostra anatomia das fake news<\/span><\/p><p class=\"c17\"><span class=\"c3 c16\"><a class=\"c5\" href=\"https:\/\/www.google.com\/url?q=https:\/\/jornal.usp.br\/universidade\/grupo-de-divulgacao-cientifica-da-usp-mostra-anatomia-das-fake-news\/&amp;sa=D&amp;source=editors&amp;ust=1622713899527000&amp;usg=AOvVaw2T3RBSudNo2W9qAHf89uD2\" target=\"_blank\" rel=\"noopener\">https:\/\/jornal.usp.br\/universidade\/grupo-de-divulgacao-cientifica-da-usp-mostra-anatomia-das-fake-news\/<\/a><\/span><\/p><p class=\"c17\"><span class=\"c0\">Abrang\u00eancia dos diagn\u00f3sticos de Covid-19 realizados pela Unicamp chega a mais de 40 munic\u00edpios<\/span><\/p><p class=\"c17\"><span class=\"c3 c16\"><a class=\"c5\" href=\"https:\/\/www.google.com\/url?q=https:\/\/www.unicamp.br\/unicamp\/noticias\/2020\/07\/03\/abrangencia-dos-diagnosticos-de-covid-19-realizados-pela-unicamp-chega-mais-de&amp;sa=D&amp;source=editors&amp;ust=1622713899528000&amp;usg=AOvVaw0-ghi0o5IaMqh_NDhbwaHL\" target=\"_blank\" rel=\"noopener\">https:\/\/www.unicamp.br\/unicamp\/noticias\/2020\/07\/03\/abrangencia-dos-diagnosticos-de-covid-19-realizados-pela-unicamp-chega-mais-de<\/a><\/span><\/p><p class=\"c2\"><span class=\"c0\">Produ\u00e7\u00e3o de sanitizantes nos campi da UFOB para distribui\u00e7\u00e3o junto \u00e0 comunidade:<\/span><\/p><p class=\"c2\"><span class=\"c11 c16\"><a class=\"c5\" href=\"https:\/\/www.google.com\/url?q=https:\/\/ufob.edu.br\/noticias2\/item\/2834-covid-19-ufob-produz-saneantes-no-municipio-de-barra&amp;sa=D&amp;source=editors&amp;ust=1622713899529000&amp;usg=AOvVaw37y8NZaJd2PKBN89M8_6VZ\" target=\"_blank\" rel=\"noopener\">https:\/\/ufob.edu.br\/noticias2\/item\/2834-covid-19-ufob-produz-saneantes-no-municipio-de-barra<\/a><\/span><span class=\"c0\">\u00a0\/<\/span><\/p><p class=\"c2\"><span class=\"c15\"><a class=\"c5\" href=\"https:\/\/www.google.com\/url?q=https:\/\/ufob.edu.br\/noticias2\/item\/2825-ufob-produz-desinfectantes-para-auxiliar-no-combate-ao-coronavirus&amp;sa=D&amp;source=editors&amp;ust=1622713899529000&amp;usg=AOvVaw1EssTK5qK-jhxW9LDwddMM\" target=\"_blank\" rel=\"noopener\">https:\/\/ufob.edu.br\/noticias2\/item\/2825-ufob-produz-desinfectantes-para-auxiliar-no-combate-ao-coronavirus<\/a><\/span><\/p><p class=\"c2\"><span class=\"c0\">\u00a0<\/span><\/p><p class=\"c2\"><span class=\"c0\">UFOB integra grupo de trabalho que produz m\u00e1scaras de prote\u00e7\u00e3o 3D para profissionais de sa\u00fade<\/span><\/p><p class=\"c2\"><span class=\"c15\"><a class=\"c5\" href=\"https:\/\/www.google.com\/url?q=https:\/\/www.ufob.edu.br\/noticias2\/item\/2827-ufob-integra-grupo-de-trabalho-que-produz-mascaras-de-protecao-3d-para-profissionais-de-saude&amp;sa=D&amp;source=editors&amp;ust=1622713899530000&amp;usg=AOvVaw04zH_O5OBfxHUn0BomO50q\" target=\"_blank\" rel=\"noopener\">https:\/\/www.ufob.edu.br\/noticias2\/item\/2827-ufob-integra-grupo-de-trabalho-que-produz-mascaras-de-protecao-3d-para-profissionais-de-saude<\/a><\/span><\/p><p class=\"c2\"><span class=\"c0\">\u00a0<\/span><\/p><p class=\"c2\"><span class=\"c0\">UFOB passa a integrar a Rede de Laborat\u00f3rios de Campanha MCTIC para diagn\u00f3stico da COVID-19 por RT-PCR<\/span><\/p><p class=\"c2\"><span class=\"c11 c16\"><a class=\"c5\" href=\"https:\/\/www.google.com\/url?q=https:\/\/ufob.edu.br\/noticias2\/item\/2849-testes-de-covid-19-comecarao-a-ser-realizados-a-partir-do-dia-12-de-maio&amp;sa=D&amp;source=editors&amp;ust=1622713899530000&amp;usg=AOvVaw2xMG3iVR-Vy84hPBPyDizc\" target=\"_blank\" rel=\"noopener\">https:\/\/ufob.edu.br\/noticias2\/item\/2849-testes-de-covid-19-comecarao-a-ser-realizados-a-partir-do-dia-12-de-maio<\/a><\/span><\/p><p class=\"c2\"><span class=\"c0\">\u00a0<\/span><\/p><p class=\"c2\"><span class=\"c0\">Covid-19: UFOB divulga boletins informativos sobre a pandemia do novo coronav\u00edrus na regi\u00e3o Oeste da Bahia<\/span><\/p><p class=\"c2\"><span class=\"c11 c16\"><a class=\"c5\" href=\"https:\/\/www.google.com\/url?q=https:\/\/ufob.edu.br\/boletins-informativos-sobre-a-pandemia-da-covid-19-na-regiao-oeste-da-bahia&amp;sa=D&amp;source=editors&amp;ust=1622713899531000&amp;usg=AOvVaw1GSizbs0E0htmsxKOckO2x\" target=\"_blank\" rel=\"noopener\">https:\/\/ufob.edu.br\/boletins-informativos-sobre-a-pandemia-da-covid-19-na-regiao-oeste-da-bahia<\/a><\/span><\/p><p class=\"c2\"><span class=\"c0\">\u00a0<\/span><\/p><p class=\"c2\"><span class=\"c0\">A\u00e7\u00f5es de solidariedade desenvolvidas junto \u00e0 comunidade \u00a0&#8211; campanha arrecada alimentos n\u00e3o perec\u00edveis e produtos de higiene:<\/span><\/p><p class=\"c2\"><span class=\"c15\"><a class=\"c5\" href=\"https:\/\/www.google.com\/url?q=https:\/\/www.ufob.edu.br\/noticias2\/item\/2833-campanha-ufob-solidariedade-arrecada-alimentos-nao-pereciveis-e-produtos-de-higiene&amp;sa=D&amp;source=editors&amp;ust=1622713899531000&amp;usg=AOvVaw1raKC5nQlpDzMmT-GxrOvy\" target=\"_blank\" rel=\"noopener\">https:\/\/www.ufob.edu.br\/noticias2\/item\/2833-campanha-ufob-solidariedade-arrecada-alimentos-nao-pereciveis-e-produtos-de-higiene<\/a><\/span><\/p><p class=\"c2\"><span class=\"c0\">\u00a0<\/span><\/p><p class=\"c2\"><span class=\"c0\">A\u00e7\u00f5es educativas promovidas dentro da campanha UFOBemCasa<\/span><\/p><p class=\"c19\"><span class=\"c15\"><a class=\"c5\" href=\"https:\/\/www.google.com\/url?q=https:\/\/www.instagram.com\/p\/B_f1tKLjoY_\/?igshid%3D1cvkwo3qlmc1d&amp;sa=D&amp;source=editors&amp;ust=1622713899532000&amp;usg=AOvVaw0---ryUHGbxwd2R1tHCavW\" target=\"_blank\" rel=\"noopener\">https:\/\/www.instagram.com\/p\/B_f1tKLjoY_\/?igshid=1cvkwo3qlmc1d<\/a><\/span><\/p><p class=\"c19\"><span class=\"c15\"><a class=\"c5\" href=\"https:\/\/www.google.com\/url?q=https:\/\/www.instagram.com\/p\/B-qRmp3jEOX\/?igshid%3D1j1zlz6ckjhis&amp;sa=D&amp;source=editors&amp;ust=1622713899532000&amp;usg=AOvVaw3JmDriKOu94oxmNCDi-Ugd\" target=\"_blank\" rel=\"noopener\">https:\/\/www.instagram.com\/p\/B-qRmp3jEOX\/?igshid=1j1zlz6ckjhis<\/a><\/span><\/p><p class=\"c19\"><span class=\"c15\"><a class=\"c5\" href=\"https:\/\/www.google.com\/url?q=https:\/\/www.instagram.com\/p\/B-MxxDdjasV\/?igshid%3D1q4ji5aokggtc&amp;sa=D&amp;source=editors&amp;ust=1622713899532000&amp;usg=AOvVaw1fo8ghRQHcK2wjOXzdtzbG\" target=\"_blank\" rel=\"noopener\">https:\/\/www.instagram.com\/p\/B-MxxDdjasV\/?igshid=1q4ji5aokggtc<\/a><\/span><\/p><p class=\"c19\"><span class=\"c15\"><a class=\"c5\" href=\"https:\/\/www.google.com\/url?q=https:\/\/www.instagram.com\/p\/B-fMy1tD94l\/?igshid%3Dcb0g1ajg2qcy&amp;sa=D&amp;source=editors&amp;ust=1622713899533000&amp;usg=AOvVaw20StjSXxQs6WyM_LTKu4Oc\" target=\"_blank\" rel=\"noopener\">https:\/\/www.instagram.com\/p\/B-fMy1tD94l\/?igshid=cb0g1ajg2qcy<\/a><\/span><\/p><p class=\"c19\"><span class=\"c15\"><a class=\"c5\" href=\"https:\/\/www.google.com\/url?q=https:\/\/www.instagram.com\/tv\/B-dTAtBDI7S\/?igshid%3D1cvc4hnjnug1s&amp;sa=D&amp;source=editors&amp;ust=1622713899533000&amp;usg=AOvVaw12HPjUZ61Ew4LDAaG5guwo\" target=\"_blank\" rel=\"noopener\">https:\/\/www.instagram.com\/tv\/B-dTAtBDI7S\/?igshid=1cvc4hnjnug1s<\/a><\/span><\/p><p class=\"c19\"><span class=\"c15\"><a class=\"c5\" href=\"https:\/\/www.google.com\/url?q=https:\/\/ufob.edu.br\/noticias2\/item\/2837-conferencia-on-line-discute-a-educacao-superior-em-tempos-de-crise?&amp;sa=D&amp;source=editors&amp;ust=1622713899533000&amp;usg=AOvVaw21sYEH8N60spBti--K5VOH\" target=\"_blank\" rel=\"noopener\">https:\/\/ufob.edu.br\/noticias2\/item\/2837-conferencia-on-line-discute-a-educacao-superior-em-tempos-de-crise?<\/a><\/span><\/p><p class=\"c2\"><span class=\"c15\"><a class=\"c5\" href=\"https:\/\/www.google.com\/url?q=https:\/\/www.instagram.com\/p\/B-av_5Aj7Vs\/?igshid%3D16lhaozpue2u2&amp;sa=D&amp;source=editors&amp;ust=1622713899534000&amp;usg=AOvVaw0Ru6eM-3imbZ7H6Q0BlJ_d\" target=\"_blank\" rel=\"noopener\">https:\/\/www.instagram.com\/p\/B-av_5Aj7Vs\/?igshid=16lhaozpue2u2<\/a><\/span><\/p><p class=\"c2\"><span class=\"c0\">\u00a0<\/span><\/p><p class=\"c2\"><span class=\"c0\">Unicamp faz pr\u00e9-lan\u00e7amento on-line de campanha para compra de cestas b\u00e1sicas<\/span><\/p><p class=\"c2\"><span class=\"c3\"><a class=\"c5\" href=\"https:\/\/www.google.com\/url?q=https:\/\/www.unicamp.br\/unicamp\/noticias\/2020\/05\/12\/unicamp-faz-pre-lancamento-line-de-campanha-para-compra-de-cestas-basicas&amp;sa=D&amp;source=editors&amp;ust=1622713899534000&amp;usg=AOvVaw03ak7vLuqQjNbN4SqwEjH5\" target=\"_blank\" rel=\"noopener\">https:\/\/www.unicamp.br\/unicamp\/noticias\/2020\/05\/12\/unicamp-faz-pre-lancamento-line-de-campanha-para-compra-de-cestas-basicas<\/a><\/span><\/p><p class=\"c2\"><span class=\"c0\">Coronav\u00edrus: UFRJ desenvolve modelo que tra\u00e7a previs\u00f5es para pico da pandemia e n\u00famero de casos<\/span><\/p><p class=\"c2\"><span class=\"c3\"><a class=\"c5\" href=\"https:\/\/www.google.com\/url?q=https:\/\/oglobo.globo.com\/sociedade\/coronavirus\/coronavirus-ufrj-desenvolve-modelo-que-traca-previsoes-para-pico-da-pandemia-numero-de-casos-da-covid-19-no-brasil-24424058&amp;sa=D&amp;source=editors&amp;ust=1622713899535000&amp;usg=AOvVaw2QKKVkI6pMbODiZSr-lZEn\" target=\"_blank\" rel=\"noopener\">https:\/\/oglobo.globo.com\/sociedade\/coronavirus\/coronavirus-ufrj-desenvolve-modelo-que-traca-previsoes-para-pico-da-pandemia-numero-de-casos-da-covid-19-no-brasil-24424058<\/a><\/span><\/p><p class=\"c2\"><span class=\"c4 c8\">A\u00e7\u00f5es da SRI durante per\u00edodo de preven\u00e7\u00e3o ao Covid-19<\/span><\/p><p class=\"c2\"><span class=\"c3\"><a class=\"c5\" href=\"https:\/\/www.google.com\/url?q=http:\/\/internacional.ufes.br\/pt-br\/acoes-da-sri-durante-periodo-de-prevencao-ao-covid-19&amp;sa=D&amp;source=editors&amp;ust=1622713899535000&amp;usg=AOvVaw0gB37Krl4mdGHcMPmtwv0A\" target=\"_blank\" rel=\"noopener\">http:\/\/internacional.ufes.br\/pt-br\/acoes-da-sri-durante-periodo-de-prevencao-ao-covid-19<\/a><\/span><\/p><p class=\"c2\"><span class=\"c4 c8\">Perguntas frequentes sobre o per\u00edodo de preven\u00e7\u00e3o ao COVID-19<\/span><\/p><p class=\"c2\"><span class=\"c3\"><a class=\"c5\" href=\"https:\/\/www.google.com\/url?q=http:\/\/internacional.ufes.br\/pt-br\/perguntas-frequentes-sobre-o-periodo-de-prevencao-ao-covid-19&amp;sa=D&amp;source=editors&amp;ust=1622713899536000&amp;usg=AOvVaw3KteVr8I_9zeeO0IRgfuM8\" target=\"_blank\" rel=\"noopener\">http:\/\/internacional.ufes.br\/pt-br\/perguntas-frequentes-sobre-o-periodo-de-prevencao-ao-covid-19<\/a><\/span><\/p><p class=\"c2\"><span class=\"c4 c8\">UFES orienta comunidade universit\u00e1ria sobre a\u00e7\u00f5es de preven\u00e7\u00e3o ao novo coronav\u00edrus<\/span><\/p><p class=\"c2\"><span class=\"c3\"><a class=\"c5\" href=\"https:\/\/www.google.com\/url?q=http:\/\/internacional.ufes.br\/pt-br\/advice-members-academic-community-about-preventive-measures-against-coronavirus&amp;sa=D&amp;source=editors&amp;ust=1622713899537000&amp;usg=AOvVaw0z9dM7DtmbV2RvUrn-vG5A\" target=\"_blank\" rel=\"noopener\">http:\/\/internacional.ufes.br\/pt-br\/advice-members-academic-community-about-preventive-measures-against-coronavirus<\/a><\/span><\/p><p class=\"c2\"><span class=\"c4 c8\">Information on the Coronavirus COVID-19 published on SRI website and\/or UFES official website<\/span><\/p><p class=\"c2\"><span class=\"c3\"><a class=\"c5\" href=\"https:\/\/www.google.com\/url?q=http:\/\/internacional.ufes.br\/en\/coronavirus&amp;sa=D&amp;source=editors&amp;ust=1622713899537000&amp;usg=AOvVaw1BOVEJ-kVC789TlyVNzwej\" target=\"_blank\" rel=\"noopener\">http:\/\/internacional.ufes.br\/en\/coronavirus<\/a><\/span><\/p><p class=\"c2\"><span class=\"c4 c8\">Informa\u00e7\u00f5es sobre COVID-19 no site da UFES<\/span><\/p><p class=\"c2\"><span class=\"c3\"><a class=\"c5\" href=\"https:\/\/www.google.com\/url?q=http:\/\/coronavirus.ufes.br\/&amp;sa=D&amp;source=editors&amp;ust=1622713899538000&amp;usg=AOvVaw0vWuhDcIH4QLVjNwab6Ppe\" target=\"_blank\" rel=\"noopener\">http:\/\/coronavirus.ufes.br\/<\/a><\/span><\/p><p class=\"c2\"><span class=\"c4 c8\">A\u00e7\u00f5es da UNISC no contexto da COVID19<\/span><\/p><p class=\"c2\"><span class=\"c3\"><a class=\"c5\" href=\"https:\/\/www.google.com\/url?q=https:\/\/unisc.br\/covid19\/&amp;sa=D&amp;source=editors&amp;ust=1622713899538000&amp;usg=AOvVaw2JpMyBWBLZLcDFQC8lntU3\" target=\"_blank\" rel=\"noopener\">https:\/\/unisc.br\/covid19\/#<\/a><\/span><\/p><p class=\"c2\"><span class=\"c4 c8\">Unicamp cria mapa interativo para acompanhar casos de coronavirus dos seus hospitais<\/span><\/p><p class=\"c2\"><span class=\"c3\"><a class=\"c5\" href=\"https:\/\/www.google.com\/url?q=https:\/\/www.unicamp.br\/unicamp\/noticias\/2020\/05\/04\/unicamp-cria-mapa-interativo-para-acompanhar-casos-de-coronavirus-dos-seus&amp;sa=D&amp;source=editors&amp;ust=1622713899539000&amp;usg=AOvVaw1uvO41GLWgJlz5KZvDjRmd\" target=\"_blank\" rel=\"noopener\">https:\/\/www.unicamp.br\/unicamp\/noticias\/2020\/05\/04\/unicamp-cria-mapa-interativo-para-acompanhar-casos-de-coronavirus-dos-seus<\/a><\/span><\/p><p class=\"c2\"><span class=\"c4 c8\">Parceria UNESP e Embraer para 40 mil testes COVID-19<\/span><\/p><p class=\"c2\"><span class=\"c3\"><a class=\"c5\" href=\"https:\/\/www.google.com\/url?q=https:\/\/www.youtube.com\/watch?v%3DNSr0WBmXdos&amp;sa=D&amp;source=editors&amp;ust=1622713899540000&amp;usg=AOvVaw1idS1QeakATHUKNTE9mJaq\" target=\"_blank\" rel=\"noopener\">https:\/\/www.youtube.com\/watch?v=NSr0WBmXdos<\/a><\/span><\/p><p class=\"c2\"><span class=\"c4 c8\">IFGW se desdobra para manter qualidade de ensino durante isolamento<\/span><\/p><p class=\"c2\"><span class=\"c3\"><a class=\"c5\" href=\"https:\/\/www.google.com\/url?q=https:\/\/www.unicamp.br\/unicamp\/noticias\/2020\/04\/21\/ifgw-se-desdobra-para-manter-qualidade-de-ensino-durante-isolamento&amp;sa=D&amp;source=editors&amp;ust=1622713899541000&amp;usg=AOvVaw1hS1ebTDzhfaJoA1BQcX81\" target=\"_blank\" rel=\"noopener\">https:\/\/www.unicamp.br\/unicamp\/noticias\/2020\/04\/21\/ifgw-se-desdobra-para-manter-qualidade-de-ensino-durante-isolamento<\/a><\/span><\/p><p class=\"c2\"><span class=\"c0\">UFPA instala Grupo de Trabalho sobre o novo coronav\u00edrus<\/span><\/p><p class=\"c2\"><span class=\"c11\"><a class=\"c5\" href=\"https:\/\/www.google.com\/url?q=https:\/\/coronavirus.ufpa.br\/home&amp;sa=D&amp;source=editors&amp;ust=1622713899541000&amp;usg=AOvVaw3HJlK8S8hJcOCpWb_bFXgP\" target=\"_blank\" rel=\"noopener\">https:\/\/coronavirus.ufpa.br\/home<\/a><\/span><\/p><p class=\"c2\"><span class=\"c16\">UFPA desenvolve a\u00e7\u00f5es relacionadas \u00e0 COVID-19<\/span><\/p><p class=\"c2\"><span class=\"c11\"><a class=\"c5\" href=\"https:\/\/www.google.com\/url?q=https:\/\/coronavirus.ufpa.br\/not%2592cias&amp;sa=D&amp;source=editors&amp;ust=1622713899542000&amp;usg=AOvVaw01MLhgDxhPpmJz6NTYEU6e\" target=\"_blank\" rel=\"noopener\">https:\/\/coronavirus.ufpa.br\/not\u00edcias<\/a><\/span><\/p><p class=\"c2\"><span class=\"c6\">\u00a0<\/span><\/p><p class=\"c2\"><span class=\"c0\">Produ\u00e7\u00e3o do \u00e1lcool em gel e distribui\u00e7\u00e3o para \u00f3rg\u00e3os p\u00fablicos e pessoas \u2013 IFRJ<\/span><\/p><p class=\"c2\"><span class=\"c11\"><a class=\"c5\" href=\"https:\/\/www.google.com\/url?q=https:\/\/portal.ifrj.edu.br\/hospital-federal-servidores-estado-e-primeiro-contemplado-doacao-alcool-70-produzido-pelo-ifr&amp;sa=D&amp;source=editors&amp;ust=1622713899543000&amp;usg=AOvVaw3zqI4uNbinkcSTpSGK4_3X\" target=\"_blank\" rel=\"noopener\">https:\/\/portal.ifrj.edu.br\/hospital-federal-servidores-estado-e-primeiro-contemplado-doacao-alcool-70-produzido-pelo-ifr<\/a><\/span><\/p><p class=\"c2\"><span class=\"c0\">\u00a0<\/span><\/p><p class=\"c2\"><span class=\"c0\">COVID-19: Ufes presta apoio a estudantes que est\u00e3o no exterior e a alunos estrangeiros<\/span><\/p><p class=\"c2\"><span class=\"c11\"><a class=\"c5\" href=\"https:\/\/www.google.com\/url?q=http:\/\/www.ufes.br\/conteudo\/covid-19-ufes-presta-apoio-estudantes-que-estao-no-exterior-e-alunos-estrangeiros&amp;sa=D&amp;source=editors&amp;ust=1622713899544000&amp;usg=AOvVaw2W2O4x4RcCOHomMKpbs27C\" target=\"_blank\" rel=\"noopener\">http:\/\/www.ufes.br\/conteudo\/covid-19-ufes-presta-apoio-estudantes-que-estao-no-exterior-e-alunos-estrangeiros<\/a><\/span><\/p><p class=\"c2\"><span class=\"c13 c23 c41\">\u00a0<\/span><\/p><p class=\"c2\"><span class=\"c0\">UFJF cria projeto de suporte para comunidade acad\u00eamica no exterior<\/span><\/p><p class=\"c2\"><span class=\"c11\"><a class=\"c5\" href=\"https:\/\/www.google.com\/url?q=https:\/\/www2.ufjf.br\/noticias\/2020\/04\/01\/ufjf-cria-projeto-de-suporte-para-comunidade-academica-no-exterior\/&amp;sa=D&amp;source=editors&amp;ust=1622713899545000&amp;usg=AOvVaw0_oA4SXGDvjgql2yo_Q5Wg\" target=\"_blank\" rel=\"noopener\">https:\/\/www2.ufjf.br\/noticias\/2020\/04\/01\/ufjf-cria-projeto-de-suporte-para-comunidade-academica-no-exterior\/<\/a><\/span><\/p><p class=\"c2\"><span class=\"c6\">\u00a0<\/span><\/p><p class=\"c2\"><span class=\"c0\">Universidade Federal de Ci\u00eancias da Sa\u00fade de Porto Alegre desenvolve diversas a\u00e7\u00f5es na campanha contra o COVID-19<\/span><\/p><p class=\"c2\"><span class=\"c11\"><a class=\"c5\" href=\"https:\/\/www.google.com\/url?q=https:\/\/www.ufcspa.edu.br\/index.php\/coronavirus&amp;sa=D&amp;source=editors&amp;ust=1622713899546000&amp;usg=AOvVaw1vyvAnbqMUgW0gmPZha0zC\" target=\"_blank\" rel=\"noopener\">https:\/\/www.ufcspa.edu.br\/index.php\/coronavirus<\/a><\/span><\/p><p class=\"c2\"><span class=\"c0\">Unesp mobiliza dezenas de pesquisadores contra a COVID-19<\/span><\/p><p class=\"c2\"><span class=\"c11\"><a class=\"c5\" href=\"https:\/\/www.google.com\/url?q=https:\/\/www.saopaulo.sp.gov.br\/ultimas-noticias\/unesp-mobiliza-dezenas-de-pesquisadores-contra-a-covid-19&amp;sa=D&amp;source=editors&amp;ust=1622713899547000&amp;usg=AOvVaw1bc3s7p0rnBeAwS42GGDlX\" target=\"_blank\" rel=\"noopener\">https:\/\/www.saopaulo.sp.gov.br\/ultimas-noticias\/unesp-mobiliza-dezenas-de-pesquisadores-contra-a-covid-19<\/a><\/span><\/p><p class=\"c2\"><span class=\"c6\">\u00a0<\/span><\/p><p class=\"c2\"><span class=\"c0\">Coronav\u00edrus: especialistas da UFSC ensinam a fabricar m\u00e1scaras caseiras seguras<\/span><\/p><p class=\"c2\"><span class=\"c11\"><a class=\"c5\" href=\"https:\/\/www.google.com\/url?q=https:\/\/noticias.ufsc.br\/2020\/04\/coronavirus-especialistas-da-ufsc-ensinam-a-fabricar-mascaras-caseiras-seguras\/&amp;sa=D&amp;source=editors&amp;ust=1622713899548000&amp;usg=AOvVaw1P0eUxdnXsRTyOhvUYLixv\" target=\"_blank\" rel=\"noopener\">https:\/\/noticias.ufsc.br\/2020\/04\/coronavirus-especialistas-da-ufsc-ensinam-a-fabricar-mascaras-caseiras-seguras\/<\/a><\/span><\/p><p class=\"c2\"><span class=\"c6\">\u00a0<\/span><\/p><p class=\"c2\"><span class=\"c0\">PUC-Minas contribui para fabrica\u00e7\u00e3o de protetores faciais para profissionais da sa\u00fade<\/span><\/p><p class=\"c2\"><span class=\"c11\"><a class=\"c5\" href=\"https:\/\/www.google.com\/url?q=https:\/\/tremmaker.com.br\/&amp;sa=D&amp;source=editors&amp;ust=1622713899548000&amp;usg=AOvVaw2Uyh_yOAuuN7gTsX1hSUe_\" target=\"_blank\" rel=\"noopener\">https:\/\/tremmaker.com.br\/<\/a><\/span>\u00a0 &#8211;\u00a0<a class=\"c5\" href=\"https:\/\/www.google.com\/url?q=https:\/\/bit.ly\/2wRjkdv&amp;sa=D&amp;source=editors&amp;ust=1622713899549000&amp;usg=AOvVaw1StlUeLxgJXEr_0B7gdphO\" target=\"_blank\" rel=\"noopener\">\u00a0<\/a><span class=\"c11\"><a class=\"c5\" href=\"https:\/\/www.google.com\/url?q=https:\/\/bit.ly\/2wRjkdv&amp;sa=D&amp;source=editors&amp;ust=1622713899549000&amp;usg=AOvVaw1StlUeLxgJXEr_0B7gdphO\" target=\"_blank\" rel=\"noopener\">https:\/\/bit.ly\/2wRjkdv<\/a><\/span><\/p><p class=\"c2\"><span class=\"c6\">\u00a0<\/span><\/p><p class=\"c2\"><span class=\"c0\">Unicamp se reorganiza para enfrentar o coronav\u00edrus<\/span><\/p><p class=\"c2\"><span class=\"c11\"><a class=\"c5\" href=\"https:\/\/www.google.com\/url?q=https:\/\/www.unicamp.br\/unicamp\/noticias\/2020\/03\/20\/unicamp-se-reorganiza-para-enfrentar-o-coronavirus&amp;sa=D&amp;source=editors&amp;ust=1622713899550000&amp;usg=AOvVaw1Nu3wVf6TKsXkU_3P825XT\" target=\"_blank\" rel=\"noopener\">https:\/\/www.unicamp.br\/unicamp\/noticias\/2020\/03\/20\/unicamp-se-reorganiza-para-enfrentar-o-coronavirus<\/a><\/span><\/p><p class=\"c2\"><span class=\"c6\">\u00a0<\/span><\/p><p class=\"c2\"><span class=\"c0\">De engenheiros a estat\u00edsticos, Unicamp mobiliza batalh\u00e3o de cientistas contra o coronav\u00edrus<\/span><\/p><p class=\"c2\"><span class=\"c11\"><a class=\"c5\" href=\"https:\/\/www.google.com\/url?q=https:\/\/www.bbc.com\/portuguese\/brasil-52146248&amp;sa=D&amp;source=editors&amp;ust=1622713899550000&amp;usg=AOvVaw2b53EhIHgfkwZl6xlAEgUv\" target=\"_blank\" rel=\"noopener\">https:\/\/www.bbc.com\/portuguese\/brasil-52146248<\/a><\/span><\/p><p class=\"c2\"><span class=\"c6\">\u00a0<\/span><\/p><p class=\"c2\"><span class=\"c0\">Instituto de Qu\u00edmica produz \u00e1lcool 70% e em gel para unidades de sa\u00fade da Unicamp<\/span><\/p><p class=\"c2\"><span class=\"c11\"><a class=\"c5\" href=\"https:\/\/www.google.com\/url?q=https:\/\/www.unicamp.br\/unicamp\/noticias\/2020\/04\/03\/instituto-de-quimica-produz-alcool-70-e-em-gel-para-unidades-de-saude-da&amp;sa=D&amp;source=editors&amp;ust=1622713899551000&amp;usg=AOvVaw2yo1TjKlu5-pcKb8sUIt-z\" target=\"_blank\" rel=\"noopener\">https:\/\/www.unicamp.br\/unicamp\/noticias\/2020\/04\/03\/instituto-de-quimica-produz-alcool-70-e-em-gel-para-unidades-de-saude-da<\/a><\/span><\/p><p class=\"c2\"><span class=\"c6\">\u00a0<\/span><\/p><p class=\"c2\"><span class=\"c0\">Unicamp inicia empr\u00e9stimo de equipamentos para atividades n\u00e3o presenciais durante quarentena<\/span><\/p><p class=\"c2\"><span class=\"c11\"><a class=\"c5\" href=\"https:\/\/www.google.com\/url?q=https:\/\/www.unicamp.br\/unicamp\/noticias\/2020\/04\/06\/unicamp-inicia-emprestimo-de-equipamentos-para-atividades-nao-presenciais&amp;sa=D&amp;source=editors&amp;ust=1622713899552000&amp;usg=AOvVaw1gd6SJEf982XANTNIof395\" target=\"_blank\" rel=\"noopener\">https:\/\/www.unicamp.br\/unicamp\/noticias\/2020\/04\/06\/unicamp-inicia-emprestimo-de-equipamentos-para-atividades-nao-presenciais<\/a><\/span><\/p><p class=\"c19\"><span class=\"c0\">Pesquisadores da UFPR estudam testes r\u00e1pidos da doen\u00e7a Covid-19<\/span><\/p><p class=\"c2\"><span class=\"c11\"><a class=\"c5\" href=\"https:\/\/www.google.com\/url?q=https:\/\/www.ufpr.br\/portalufpr\/noticias\/pesquisadores-da-ufpr-estudam-testes-rapidos-da-doenca-covid-19\/&amp;sa=D&amp;source=editors&amp;ust=1622713899553000&amp;usg=AOvVaw3LI79Hi47-Bdm7aq-IoUkh\" target=\"_blank\" rel=\"noopener\">https:\/\/www.ufpr.br\/portalufpr\/noticias\/pesquisadores-da-ufpr-estudam-testes-rapidos-da-doenca-covid-19\/<\/a><\/span><\/p><p class=\"c19\"><span class=\"c0\">Trabalho remoto: UFPR oferece solu\u00e7\u00f5es para realiza\u00e7\u00e3o e gest\u00e3o de tarefas<\/span><\/p><p class=\"c2\"><span class=\"c11\"><a class=\"c5\" href=\"https:\/\/www.google.com\/url?q=https:\/\/www.ufpr.br\/portalufpr\/noticias\/trabalho-remoto-ufpr-oferece-solucoes-para-realizacao-e-gestao-de-tarefas\/&amp;sa=D&amp;source=editors&amp;ust=1622713899554000&amp;usg=AOvVaw1Y2M2As4cXISEWQ4-30-My\" target=\"_blank\" rel=\"noopener\">https:\/\/www.ufpr.br\/portalufpr\/noticias\/trabalho-remoto-ufpr-oferece-solucoes-para-realizacao-e-gestao-de-tarefas\/<\/a><\/span><\/p><p class=\"c2\"><span class=\"c6\">\u00a0<\/span><\/p><p class=\"c2\"><span class=\"c0\">Portal da UFF re\u00fane informa\u00e7\u00f5es sobre a Covid-19 e informes administrativos durante a pandemia<\/span><\/p><p class=\"c2\"><span class=\"c11\"><a class=\"c5\" href=\"https:\/\/www.google.com\/url?q=http:\/\/www.uff.br\/coronavirus&amp;sa=D&amp;source=editors&amp;ust=1622713899554000&amp;usg=AOvVaw3W4DscLou3zC-cULN1wFAX\" target=\"_blank\" rel=\"noopener\">http:\/\/www.uff.br\/coronavirus<\/a><\/span><\/p><p class=\"c19\"><span class=\"c0\">Material da UFPR em seis idiomas orienta migrantes e refugiados sobre acesso \u00e0 sa\u00fade em Curitiba<\/span><\/p><p class=\"c2\"><span class=\"c11\"><a class=\"c5\" href=\"https:\/\/www.google.com\/url?q=https:\/\/www.ufpr.br\/portalufpr\/noticias\/material-da-ufpr-em-seis-idiomas-orienta-migrantes-e-refugiados-sobre-acesso-a-saude-em-curitiba\/&amp;sa=D&amp;source=editors&amp;ust=1622713899555000&amp;usg=AOvVaw0J3bXP6iYSzKXbyCl0TREt\" target=\"_blank\" rel=\"noopener\">https:\/\/www.ufpr.br\/portalufpr\/noticias\/material-da-ufpr-em-seis-idiomas-orienta-migrantes-e-refugiados-sobre-acesso-a-saude-em-curitiba\/<\/a><\/span><\/p><p class=\"c19\"><span class=\"c0\">Lideran\u00e7a da UFPR no combate \u00e0 pandemia propicia a\u00e7\u00f5es institucionais articuladas entre pesquisadores e sociedade<\/span><\/p><p class=\"c2\"><span class=\"c11\"><a class=\"c5\" href=\"https:\/\/www.google.com\/url?q=https:\/\/www.ufpr.br\/portalufpr\/noticias\/ufpr-empresas-privadas-e-populares-trabalham-unidos-no-combate-ao-coronavirus\/&amp;sa=D&amp;source=editors&amp;ust=1622713899556000&amp;usg=AOvVaw2XnAys_S877FPLKUAkpYnC\" target=\"_blank\" rel=\"noopener\">https:\/\/www.ufpr.br\/portalufpr\/noticias\/ufpr-empresas-privadas-e-populares-trabalham-unidos-no-combate-ao-coronavirus\/<\/a><\/span><\/p><p class=\"c2\"><span class=\"c0\">\u00a0<\/span><\/p><p class=\"c2\"><span class=\"c0\">USP cria respirador de baixo custo com produ\u00e7\u00e3o r\u00e1pida contra pandemia<\/span><\/p><p class=\"c2 c48\"><span class=\"c11\"><a class=\"c5\" href=\"https:\/\/www.google.com\/url?q=https:\/\/www.sonoticiaboa.com.br\/2020\/04\/04\/usp-cria-respirador-baixo-custo-producao-rapida-pandemia\/&amp;sa=D&amp;source=editors&amp;ust=1622713899556000&amp;usg=AOvVaw1YAR5p9zZFBubLqjfZ8pxj\" target=\"_blank\" rel=\"noopener\">https:\/\/www.sonoticiaboa.com.br\/2020\/04\/04\/usp-cria-respirador-baixo-custo-producao-rapida-pandemia\/<\/a><\/span><\/p><p class=\"c2\"><span class=\"c6\">\u00a0<\/span><\/p><p class=\"c2\"><span class=\"c0\">FAPESP financiar\u00e1 pesquisas para o combate ao coronav\u00edrus<\/span><\/p><p class=\"c2\"><span class=\"c11\"><a class=\"c5\" href=\"https:\/\/www.google.com\/url?q=http:\/\/agencia.fapesp.br\/fapesp-financiara-pesquisas-para-o-combate-ao-coronavirus\/32795\/&amp;sa=D&amp;source=editors&amp;ust=1622713899557000&amp;usg=AOvVaw0dtb4Ulee2sdNZmFCBRD-o\" target=\"_blank\" rel=\"noopener\">http:\/\/agencia.fapesp.br\/fapesp-financiara-pesquisas-para-o-combate-ao-coronavirus\/32795\/<\/a><\/span><\/p><p class=\"c2\"><span class=\"c0\">\u00a0<\/span><\/p><p class=\"c2\"><span class=\"c0\">Andifes compartilha medidas de Universidades Federais relacionadas \u00e0 COVID-19<\/span><\/p><p class=\"c2\"><span class=\"c11\"><a class=\"c5\" href=\"https:\/\/www.google.com\/url?q=http:\/\/www.andifes.org.br\/andifes-compartilha-medidas-das-universidades-federais-relacionadas-ao-covid-19\/&amp;sa=D&amp;source=editors&amp;ust=1622713899557000&amp;usg=AOvVaw0DwE6HjOkl1jj9tqJiZziy\" target=\"_blank\" rel=\"noopener\">http:\/\/www.andifes.org.br\/andifes-compartilha-medidas-das-universidades-federais-relacionadas-ao-covid-19\/<\/a><\/span><\/p><p class=\"c2\"><span class=\"c0\">\u00a0<\/span><\/p><p class=\"c2\"><span class=\"c0\">Orienta\u00e7\u00f5es para enfrentamento da pandemia do novo coronav\u00edrus pelas institui\u00e7\u00f5es de ensino superior privadas<\/span><\/p><p class=\"c2\"><span class=\"c11\"><a class=\"c5\" href=\"https:\/\/www.google.com\/url?q=https:\/\/www.semesp.org.br\/wp-content\/uploads\/2020\/03\/orientacoes-semesp.pdf&amp;sa=D&amp;source=editors&amp;ust=1622713899558000&amp;usg=AOvVaw0r2hH_wY0q4s5X2QWySU6r\" target=\"_blank\" rel=\"noopener\">https:\/\/www.semesp.org.br\/wp-content\/uploads\/2020\/03\/orientacoes-semesp.pdf<\/a><\/span><\/p><p class=\"c2\"><span class=\"c6\">\u00a0<\/span><\/p><p class=\"c2\"><span class=\"c0\">Medida Provis\u00f3ria 934, 01\/04\/2020 \u2013 Normas Excepcionais sobre o ano letivo<\/span><\/p><p class=\"c2\"><span class=\"c11\"><a class=\"c5\" href=\"https:\/\/www.google.com\/url?q=http:\/\/www.planalto.gov.br\/ccivil_03\/_Ato2019-2022\/2020\/Mpv\/mpv934.htm&amp;sa=D&amp;source=editors&amp;ust=1622713899559000&amp;usg=AOvVaw0DWAYtsUUDYv0cYhkbi529\" target=\"_blank\" rel=\"noopener\">http:\/\/www.planalto.gov.br\/ccivil_03\/_Ato2019-2022\/2020\/Mpv\/mpv934.htm<\/a><\/span><\/p><p class=\"c2\"><span class=\"c6\">\u00a0<\/span><\/p><p class=\"c2\"><span class=\"c0\">Anac lan\u00e7a formul\u00e1rio para ajudar brasileiros a voltar para o pa\u00eds<\/span><\/p><p class=\"c2\"><span class=\"c11\"><a class=\"c5\" href=\"https:\/\/www.google.com\/url?q=https:\/\/agenciabrasil.ebc.com.br\/geral\/noticia\/2020-03\/anac-lanca-formulario-para-ajudar-brasileiros-voltar-para-o-pais&amp;sa=D&amp;source=editors&amp;ust=1622713899559000&amp;usg=AOvVaw20x02fR1yA95Zm9dXWQXpy\" target=\"_blank\" rel=\"noopener\">https:\/\/agenciabrasil.ebc.com.br\/geral\/noticia\/2020-03\/anac-lanca-formulario-para-ajudar-brasileiros-voltar-para-o-pais<\/a><\/span><\/p><p class=\"c2\"><span class=\"c6\">\u00a0<\/span><\/p><p class=\"c2\"><span class=\"c0 c21\">Formul\u00e1rio emergencial do Minist\u00e9rio das Rela\u00e7\u00f5es Exteriores do Brasil para presta\u00e7\u00e3o de aux\u00edlio consular a brasileiros. Emerg\u00eancia de novo coronav\u00edrus. Assist\u00eancia consular Brasil.<\/span><\/p><p class=\"c2\"><span class=\"c11\"><a class=\"c5\" href=\"https:\/\/www.google.com\/url?q=https:\/\/docs.google.com\/forms\/d\/e\/1FAIpQLScNWoyWrm0VumlkvRVFhjcOUbyAmpAs1gaG1oRx0A91ekeVsw\/viewform&amp;sa=D&amp;source=editors&amp;ust=1622713899560000&amp;usg=AOvVaw2S4P6_s8az86tior8aBhdq\" target=\"_blank\" rel=\"noopener\">https:\/\/docs.google.com\/forms\/d\/e\/1FAIpQLScNWoyWrm0VumlkvRVFhjcOUbyAmpAs1gaG1oRx0A91ekeVsw\/viewform<\/a><\/span><\/p><p class=\"c2\"><span class=\"c16\">UFCSPA<\/span>:\u00a0<span class=\"c27\">\u201cEstamos em contato direto e constante, por WhatsApp e e-mail, e oferecendo suporte a todos os estudantes internacionais atualmente matriculados na UFCSPA e aos estudantes da UFCSPA em mobilidade no exterior. Novos afastamentos para mobilidade de estudantes, tanto no \u00e2mbito da gradua\u00e7\u00e3o como da p\u00f3s-gradua\u00e7\u00e3o, est\u00e3o suspensos no momento\u201d.<\/span><\/p><p class=\"c2\"><span class=\"c6\">\u00a0<\/span><\/p><p class=\"c2\"><span class=\"c16\">PUC-Minas<\/span>:\u00a0<span class=\"c27\">\u201cTemos v\u00e1rias a\u00e7\u00f5es de suporte aos que permaneceram no exterior e aos estrangeiros que continuam conosco. Dentre essas a\u00e7\u00f5es, a libera\u00e7\u00e3o de email e n\u00famero de celular privados. Registro Acad\u00eamico, jur\u00eddico, atendimento na cl\u00ednica de psicologia e outros, todos encontram-se alinhados, caso precisem ser acionados\u201d.<\/span><\/p><p class=\"c2\"><span class=\"c0\">\u00a0<\/span><\/p><p class=\"c2\"><span class=\"c16\">UNAERP<\/span>:<span class=\"c27\">\u00a0\u201cEnviamos email para embaixadas e consulados do Brasil no exterior, solicitando aux\u00edlio para a vinda de estudantes que optaram por retornar ao Brasil. Tamb\u00e9m solicitamos que os estudantes preenchessem o formul\u00e1rio da ANAC. Ap\u00f3s o preenchimento deste formul\u00e1rio, os estudantes conseguiram retornar ao pa\u00eds\u201d.<\/span><\/p><p class=\"c2\"><span class=\"c6\">\u00a0<\/span><\/p><p class=\"c2\"><span class=\"c0\">Bolsistas da \u00e1rea da sa\u00fade j\u00e1 atuam nos munic\u00edpios<\/span><\/p><p class=\"c2\"><span class=\"c11\"><a class=\"c5\" href=\"https:\/\/www.google.com\/url?q=https:\/\/www3.unicentro.br\/noticias\/2020\/04\/07\/bolsistas-da-area-da-saude-ja-atuam-em-servicos-de-de-saude-de-guarapuava-e-regiao\/&amp;sa=D&amp;source=editors&amp;ust=1622713899561000&amp;usg=AOvVaw0_vZGiIAFIIoMWFL9y0agk\" target=\"_blank\" rel=\"noopener\">https:\/\/www3.unicentro.br\/noticias\/2020\/04\/07\/bolsistas-da-area-da-saude-ja-atuam-em-servicos-de-de-saude-de-guarapuava-e-regiao\/<\/a><\/span><\/p><p class=\"c2\"><span class=\"c6\">\u00a0<\/span><\/p><p class=\"c2\"><span class=\"c0\">Feira Agroecol\u00f3gica atende encomendas<\/span><\/p><p class=\"c2\"><span class=\"c11\"><a class=\"c5\" href=\"https:\/\/www.google.com\/url?q=https:\/\/www3.unicentro.br\/noticias\/2020\/04\/06\/feira-agroecologica-do-campus-de-irati-esta-funcionando-a-partir-de-encomendas\/&amp;sa=D&amp;source=editors&amp;ust=1622713899562000&amp;usg=AOvVaw0TicxsTopWq6iFcI0Qa_Di\" target=\"_blank\" rel=\"noopener\">https:\/\/www3.unicentro.br\/noticias\/2020\/04\/06\/feira-agroecologica-do-campus-de-irati-esta-funcionando-a-partir-de-encomendas\/<\/a><\/span><\/p><p class=\"c2\"><span class=\"c6\">\u00a0<\/span><\/p><p class=\"c2\"><span class=\"c4 c14\">Professores de Fisioterapia ajudam 30 fam\u00edlias acompanhadas pela Pastoral da Crian\u00e7a<\/span><\/p><p class=\"c2\"><span class=\"c11\"><a class=\"c5\" href=\"https:\/\/www.google.com\/url?q=https:\/\/www3.unicentro.br\/noticias\/2020\/04\/06\/professores-de-fisioterapia-ajudam-30-familias-acompanhadas-pela-pastoral-da-crianca-em-guarapuava\/&amp;sa=D&amp;source=editors&amp;ust=1622713899563000&amp;usg=AOvVaw1rUqq94G9WdZRr3ZLhqgow\" target=\"_blank\" rel=\"noopener\">https:\/\/www3.unicentro.br\/noticias\/2020\/04\/06\/professores-de-fisioterapia-ajudam-30-familias-acompanhadas-pela-pastoral-da-crianca-em-guarapuava\/<\/a><\/span><\/p><p class=\"c2\"><span class=\"c6\">\u00a0<\/span><\/p><p class=\"c2\"><span class=\"c4 c14\">Fornecimento de face shields para Pol\u00edcia Cient\u00edfica do Paran\u00e1<\/span><\/p><p class=\"c2\"><span class=\"c11\"><a class=\"c5\" href=\"https:\/\/www.google.com\/url?q=https:\/\/www3.unicentro.br\/noticias\/2020\/04\/03\/unicentro-e-mutirao-tec-do-bem-fornecem-face-shields-para-policia-cientifica-do-parana\/&amp;sa=D&amp;source=editors&amp;ust=1622713899563000&amp;usg=AOvVaw3yMKjjDk3Y4xZrHkhDED9B\" target=\"_blank\" rel=\"noopener\">https:\/\/www3.unicentro.br\/noticias\/2020\/04\/03\/unicentro-e-mutirao-tec-do-bem-fornecem-face-shields-para-policia-cientifica-do-parana\/<\/a><\/span><\/p><p class=\"c2\"><span class=\"c6\">\u00a0<\/span><\/p><p class=\"c2\"><span class=\"c16\">Estudantes da\u00a0<\/span><span class=\"c21 c16\">Universidade Aberta a Terceira Idade<\/span><span class=\"c0\">\u00a0costuram m\u00e1scaras para profissionais da sa\u00fade<\/span><\/p><p class=\"c2\"><span class=\"c11\"><a class=\"c5\" href=\"https:\/\/www.google.com\/url?q=https:\/\/www3.unicentro.br\/noticias\/2020\/04\/03\/unatianas-costuram-mascaras-para-profissionais-da-saude-da-unicentro-e-da-regiao\/&amp;sa=D&amp;source=editors&amp;ust=1622713899564000&amp;usg=AOvVaw145kuAo6syDpgVsuaLgIXD\" target=\"_blank\" rel=\"noopener\">https:\/\/www3.unicentro.br\/noticias\/2020\/04\/03\/unatianas-costuram-mascaras-para-profissionais-da-saude-da-unicentro-e-da-regiao\/<\/a><\/span><\/p><p class=\"c2\"><span class=\"c4 c14\">\u00a0<\/span><\/p><p class=\"c2\"><span class=\"c0\">Estudantes de Administra\u00e7\u00e3o costuram m\u00e1scara para internos do Lar dos Idosos<\/span><\/p><p class=\"c2\"><span class=\"c11\"><a class=\"c5\" href=\"https:\/\/www.google.com\/url?q=https:\/\/www3.unicentro.br\/noticias\/2020\/04\/02\/estudantes-de-administracao-em-prudentopolis-costuram-mascara-para-internos-do-lar-dos-idosos\/&amp;sa=D&amp;source=editors&amp;ust=1622713899565000&amp;usg=AOvVaw13NtznT3IpAk5a0mOFkovB\" target=\"_blank\" rel=\"noopener\">https:\/\/www3.unicentro.br\/noticias\/2020\/04\/02\/estudantes-de-administracao-em-prudentopolis-costuram-mascara-para-internos-do-lar-dos-idosos\/<\/a><\/span><\/p><p class=\"c2\"><span class=\"c4 c14\">\u00a0<\/span><\/p><p class=\"c2\"><span class=\"c4 c14\">Unicentro far\u00e1 exames de detec\u00e7\u00e3o covid-19<\/span><\/p><p class=\"c2\"><span class=\"c11\"><a class=\"c5\" href=\"https:\/\/www.google.com\/url?q=https:\/\/www3.unicentro.br\/noticias\/2020\/04\/01\/unicentro-fara-exames-de-deteccao-covid-19\/&amp;sa=D&amp;source=editors&amp;ust=1622713899565000&amp;usg=AOvVaw1JHCs1Ae8t0MCHdRY_GO_4\" target=\"_blank\" rel=\"noopener\">https:\/\/www3.unicentro.br\/noticias\/2020\/04\/01\/unicentro-fara-exames-de-deteccao-covid-19\/<\/a><\/span><\/p><p class=\"c2\"><span class=\"c6\">\u00a0<\/span><\/p><p class=\"c2\"><span class=\"c4 c14\">Central de Informa\u00e7\u00f5es da covid-19<\/span><\/p><p class=\"c2\"><span class=\"c11\"><a class=\"c5\" href=\"https:\/\/www.google.com\/url?q=https:\/\/www3.unicentro.br\/noticias\/2020\/04\/01\/central-de-informacoes-do-covid-19-entra-em-funcionamento-nessa-quinta-em-guarapuava\/&amp;sa=D&amp;source=editors&amp;ust=1622713899566000&amp;usg=AOvVaw3zfz4Hkwa8_KWBG_zJEAFa\" target=\"_blank\" rel=\"noopener\">https:\/\/www3.unicentro.br\/noticias\/2020\/04\/01\/central-de-informacoes-do-covid-19-entra-em-funcionamento-nessa-quinta-em-guarapuava\/<\/a><\/span><\/p><p class=\"c2\"><span class=\"c4 c14\">\u00a0<\/span><\/p><p class=\"c2\"><span class=\"c4 c14\">Cursos online sobre tecnologia, inova\u00e7\u00e3o e empreendedorismo<\/span><\/p><p class=\"c2\"><span class=\"c11\"><a class=\"c5\" href=\"https:\/\/www.google.com\/url?q=https:\/\/www3.unicentro.br\/blog\/2020\/03\/ineti-disponibiliza-diariamente-links-de-cursos-online-sobre-tecnologia-inovacao-e-empreendedorismo\/&amp;sa=D&amp;source=editors&amp;ust=1622713899566000&amp;usg=AOvVaw0dd2D8nEbigpzPhxK65aOF\" target=\"_blank\" rel=\"noopener\">https:\/\/www3.unicentro.br\/blog\/2020\/03\/ineti-disponibiliza-diariamente-links-de-cursos-online-sobre-tecnologia-inovacao-e-empreendedorismo\/<\/a><\/span><\/p><p class=\"c2\"><span class=\"c4 c14\">\u00a0<\/span><\/p><p class=\"c2\"><span class=\"c4 c14\">Professores e estudantes de Medicina desenvolvem pesquisa sobre a covid-19<\/span><\/p><p class=\"c2\"><span class=\"c11\"><a class=\"c5\" href=\"https:\/\/www.google.com\/url?q=https:\/\/www3.unicentro.br\/noticias\/2020\/03\/30\/professores-e-estudantes-de-medicina-desenvolvem-pesquisa-sobre-o-covid-19\/&amp;sa=D&amp;source=editors&amp;ust=1622713899567000&amp;usg=AOvVaw2JZzfAULPMZf_LJHTe4QrN\" target=\"_blank\" rel=\"noopener\">https:\/\/www3.unicentro.br\/noticias\/2020\/03\/30\/professores-e-estudantes-de-medicina-desenvolvem-pesquisa-sobre-o-covid-19\/<\/a><\/span><\/p><p class=\"c2\"><span class=\"c6\">\u00a0<\/span><\/p><p class=\"c2\"><span class=\"c4 c14\">Psic\u00f3logos e profissionais da sa\u00fade se unem a profissionais da sa\u00fade que atuam no atendimento da covid-19<\/span><\/p><p class=\"c2\"><span class=\"c11\"><a class=\"c5\" href=\"https:\/\/www.google.com\/url?q=https:\/\/www3.unicentro.br\/noticias\/2020\/03\/27\/laboratorio-da-unicentro-une-psicologos-a-profissionais-da-saude-que-atuam-no-atendimento-do-covid-19\/&amp;sa=D&amp;source=editors&amp;ust=1622713899568000&amp;usg=AOvVaw2fvHibyFDl6PVtZDNw4HZi\" target=\"_blank\" rel=\"noopener\">https:\/\/www3.unicentro.br\/noticias\/2020\/03\/27\/laboratorio-da-unicentro-une-psicologos-a-profissionais-da-saude-que-atuam-no-atendimento-do-covid-19\/<\/a><\/span><\/p><p class=\"c2\"><span class=\"c4 c14\">\u00a0<\/span><\/p><p class=\"c2\"><span class=\"c4 c14\">Em per\u00edodo de isolamento, atendimentos do Laborat\u00f3rio de Feridas s\u00e3o domiciliares<\/span><\/p><p class=\"c2\"><span class=\"c11\"><a class=\"c5\" href=\"https:\/\/www.google.com\/url?q=https:\/\/www3.unicentro.br\/noticias\/2020\/03\/26\/em-periodo-de-isolamento-atendimentos-do-laboratorio-de-feridas-sao-domiciliares\/&amp;sa=D&amp;source=editors&amp;ust=1622713899569000&amp;usg=AOvVaw38f54s6DOdN5SOaXPyxFeE\" target=\"_blank\" rel=\"noopener\">https:\/\/www3.unicentro.br\/noticias\/2020\/03\/26\/em-periodo-de-isolamento-atendimentos-do-laboratorio-de-feridas-sao-domiciliares\/<\/a><\/span><\/p><p class=\"c2\"><span class=\"c4 c14\">\u00a0<\/span><\/p><p class=\"c2\"><span class=\"c4 c14\">Impress\u00e3o de m\u00e1scaras 3D para profissionais da sa\u00fade<\/span><\/p><p class=\"c2\"><span class=\"c11\"><a class=\"c5\" href=\"https:\/\/www.google.com\/url?q=https:\/\/www3.unicentro.br\/noticias\/2020\/03\/25\/unicentro-integra-mutirao-tec-do-bem-e-imprime-mascaras-3d-para-profissionais-da-saude\/&amp;sa=D&amp;source=editors&amp;ust=1622713899570000&amp;usg=AOvVaw3tke0l1W1MS-WrNyqzbyxy\" target=\"_blank\" rel=\"noopener\">https:\/\/www3.unicentro.br\/noticias\/2020\/03\/25\/unicentro-integra-mutirao-tec-do-bem-e-imprime-mascaras-3d-para-profissionais-da-saude\/<\/a><\/span><\/p><p class=\"c2\"><span class=\"c4 c14\">\u00a0<\/span><\/p><p class=\"c2\"><span class=\"c4 c14\">Professora de Enfermagem responde a d\u00favidas sobre a covid-19<\/span><\/p><p class=\"c2\"><span class=\"c11\"><a class=\"c5\" href=\"https:\/\/www.google.com\/url?q=https:\/\/www3.unicentro.br\/noticias\/2020\/03\/25\/professora-de-enfermagem-da-unicentro-responde-a-duvidas-sobre-o-covid-19\/&amp;sa=D&amp;source=editors&amp;ust=1622713899571000&amp;usg=AOvVaw0I9EHuhPSbGevnrVd-W-Ul\" target=\"_blank\" rel=\"noopener\">https:\/\/www3.unicentro.br\/noticias\/2020\/03\/25\/professora-de-enfermagem-da-unicentro-responde-a-duvidas-sobre-o-covid-19\/<\/a><\/span><\/p><p class=\"c2\"><span class=\"c4 c14\">\u00a0<\/span><\/p><p class=\"c2\"><span class=\"c4 c14\">Professores e estudantes de Enfermagem participam de campanha de vacina\u00e7\u00e3o<\/span><\/p><p class=\"c2\"><span class=\"c11\"><a class=\"c5\" href=\"https:\/\/www.google.com\/url?q=https:\/\/www3.unicentro.br\/noticias\/2020\/03\/23\/professores-e-estudantes-de-enfermagem-participam-de-campanha-de-vacinacao\/&amp;sa=D&amp;source=editors&amp;ust=1622713899571000&amp;usg=AOvVaw2Bq6wC9GnHwd3AkPuOlne-\" target=\"_blank\" rel=\"noopener\">https:\/\/www3.unicentro.br\/noticias\/2020\/03\/23\/professores-e-estudantes-de-enfermagem-participam-de-campanha-de-vacinacao\/<\/a><\/span><\/p><p class=\"c2\"><span class=\"c4 c14\">\u00a0<\/span><\/p><p class=\"c2\"><span class=\"c4 c14\">Universidades ir\u00e3o atuar em programa de preven\u00e7\u00e3o ao avan\u00e7o do coronav\u00edrus<\/span><\/p><p class=\"c2\"><span class=\"c11\"><a class=\"c5\" href=\"https:\/\/www.google.com\/url?q=https:\/\/www3.unicentro.br\/noticias\/2020\/03\/20\/estudantes-de-graduacao-e-pos-da-area-da-saude-podem-atuar-no-combate-ao-coronavirus\/&amp;sa=D&amp;source=editors&amp;ust=1622713899572000&amp;usg=AOvVaw1a8nv5zN7POvULQD94FyJr\" target=\"_blank\" rel=\"noopener\">https:\/\/www3.unicentro.br\/noticias\/2020\/03\/20\/estudantes-de-graduacao-e-pos-da-area-da-saude-podem-atuar-no-combate-ao-coronavirus\/<\/a><\/span><\/p><p class=\"c2\"><span class=\"c4 c14\">\u00a0<\/span><\/p><p class=\"c2\"><span class=\"c0\">Ventilador Pulmonar Aberto de Baixo Custo\u200b &#8211; Poli-USP<\/span><\/p><p class=\"c2\"><span class=\"c11\"><a class=\"c5\" href=\"https:\/\/www.google.com\/url?q=https:\/\/www.poli.usp.br\/inspire&amp;sa=D&amp;source=editors&amp;ust=1622713899573000&amp;usg=AOvVaw1lapHNfbFLdNPYbKLzgFHi\" target=\"_blank\" rel=\"noopener\">https:\/\/www.poli.usp.br\/inspire<\/a><\/span><\/p><p class=\"c2\"><span class=\"c4 c14\">\u00a0<\/span><\/p><p class=\"c2\"><span class=\"c0\">Not\u00edcias COVID-19 &#8211; SEMESP<\/span><\/p><p class=\"c2\"><span class=\"c11\"><a class=\"c5\" href=\"https:\/\/www.google.com\/url?q=https:\/\/www.semesp.org.br\/covid-19\/&amp;sa=D&amp;source=editors&amp;ust=1622713899573000&amp;usg=AOvVaw0sZYweMMTVjGRBl-Rv0r5m\" target=\"_blank\" rel=\"noopener\">https:\/\/www.semesp.org.br\/covid-19\/<\/a><\/span><\/p><p class=\"c2\"><span class=\"c6\">\u00a0<\/span><\/p><p class=\"c2\"><span class=\"c4 c14\">SEMESP e IES se unem no enfrentamento da pandemia COVID-19<\/span><\/p><p class=\"c2\"><span class=\"c11\"><a class=\"c5\" href=\"https:\/\/www.google.com\/url?q=https:\/\/www.semesp.org.br\/ies-contra-o-covid-19\/&amp;sa=D&amp;source=editors&amp;ust=1622713899574000&amp;usg=AOvVaw11USiPJhKS1zWmcVXBxpZY\" target=\"_blank\" rel=\"noopener\">https:\/\/www.semesp.org.br\/ies-contra-o-covid-19\/<\/a><\/span><\/p><p class=\"c2\"><span class=\"c4 c14\">\u00a0<\/span><\/p><p class=\"c2\"><span class=\"c0\">UNISC entrega m\u00e1scaras protetoras na regi\u00e3o<\/span><\/p><p class=\"c2\"><span class=\"c11\"><a class=\"c5\" href=\"https:\/\/www.google.com\/url?q=https:\/\/unisc.br\/pt\/noticias\/unisc-entrega-o-primeiro-lote-de-mascaras-protetoras-na-regiao&amp;sa=D&amp;source=editors&amp;ust=1622713899575000&amp;usg=AOvVaw1hMac4lj06tb77Sq_td_PX\" target=\"_blank\" rel=\"noopener\">https:\/\/unisc.br\/pt\/noticias\/unisc-entrega-o-primeiro-lote-de-mascaras-protetoras-na-regiao<\/a><\/span><\/p><p class=\"c2\"><span class=\"c6\">\u00a0<\/span><\/p><p class=\"c2\"><span class=\"c0\">UNISC\/AAII presta assist\u00eancia, orienta\u00e7\u00f5es de cuidados, acompanhamento a estudantes em mobilidade internacional<\/span><\/p><p class=\"c2\"><span class=\"c6\">Assist\u00eancia, orienta\u00e7\u00e3o de cuidados, acompanhamento e suporte t\u00e9cnico, acad\u00eamico e psicol\u00f3gico para estudantes em estudos no exterior, estudantes internacionais na UNISC e estudantes que estavam no exterior e retornaram antecipadamente ao Brasil devido \u00e0 pandemia, com contatos semanais por redes sociais e chamadas de v\u00eddeo.<\/span><\/p><p class=\"c2\"><span class=\"c23\">Suportes para estudantes que retornaram ao Brasil<\/span><span class=\"c6\">:<\/span><\/p><p class=\"c2\"><span class=\"c6\">a) organiza\u00e7\u00e3o de sua viagem de retorno;<\/span><\/p><p class=\"c2\"><span class=\"c6\">b) informa\u00e7\u00f5es sobre as a\u00e7\u00f5es de isolamento e conten\u00e7\u00e3o da contamina\u00e7\u00e3o no Brasil, para sua chegada;<\/span><\/p><p class=\"c2\"><span class=\"c6\">c) suporte aos seus familiares para assegurar a log\u00edstica da volta segura de seus filhos;<\/span><\/p><p class=\"c2\"><span class=\"c6\">d) oferta de transfer desde o aeroporto at\u00e9 os suas resid\u00eancias;<\/span><\/p><p class=\"c2\"><span class=\"c6\">e) aconselhamento por e-mail e por whatsapp sobre a realiza\u00e7\u00e3o de quarentena preventiva de 7 a 14 dias em suas resid\u00eancias, minimizando o contato com familiares e evitar a sa\u00edda de suas resid\u00eancias;<\/span><\/p><p class=\"c2\"><span class=\"c6\">f) informa\u00e7\u00f5es sobre servi\u00e7os de aten\u00e7\u00e3o \u00e0 sa\u00fade;<\/span><\/p><p class=\"c2\"><span class=\"c6\">g) monitoramento cont\u00ednuo dos estudantes sobre a presen\u00e7a de qualquer sintoma;<\/span><\/p><p class=\"c2\"><span class=\"c6\">h) servi\u00e7o de apoio psicol\u00f3gico;<\/span><\/p><p class=\"c2\"><span class=\"c6\">i) flexibiliza\u00e7\u00e3o e reintegra\u00e7\u00e3o dos estudantes \u00e0s atividades acad\u00eamicas da UNISC, para aqueles assim optaram;<\/span><\/p><p class=\"c2\"><span class=\"c6\">j) contato com os servi\u00e7os das IES parceiras no exterior.<\/span><\/p><p class=\"c2\"><span class=\"c23\">Suportes para estudantes internacionais que se encontram na UNISC<\/span><span class=\"c6\">:<\/span><\/p><p class=\"c2\"><span class=\"c6\">a) orienta\u00e7\u00f5es atualizadas sobre as normas de isolamento social;<\/span><\/p><p class=\"c2\"><span class=\"c6\">b) oferta de m\u00e1scaras protetoras;<\/span><\/p><p class=\"c2\">c)<span class=\"c16\">\u00a0<\/span><span class=\"c6\">acompanhamento psicol\u00f3gico gratuito de forma virtual;<\/span><\/p><p class=\"c2\"><span class=\"c6\">d) contato com as IES de origem dos estudantes para tomada de decis\u00f5es em comum acordo;<\/span><\/p><p class=\"c2\"><span class=\"c6\">e) contato consular para obten\u00e7\u00e3o de informa\u00e7\u00f5es oficiais aos estrangeiros;<\/span><\/p><p class=\"c2\"><span class=\"c6\">f) contato cont\u00ednuo com fam\u00edlias que est\u00e3o acolhendo os estudantes estrangeiros;<\/span><\/p><p class=\"c2\"><span class=\"c6\">g) suporte financeiro \u00e0s fam\u00edlias acolhedoras para suprir despesas de alimenta\u00e7\u00e3o com estudantes em suas resid\u00eancias;<\/span><\/p><p class=\"c2\"><span class=\"c6\">h) contato com empresas locais para orienta\u00e7\u00e3o sobre estudantes em est\u00e1gio;<\/span><\/p><p class=\"c2\"><span class=\"c6\">i) subs\u00eddio de transfer at\u00e9 o aeroporto para regresso antecipado de estrangeiros ao seus pa\u00edses;<\/span><\/p><p class=\"c2\"><span class=\"c6\">j) apoio a atividades online decorrentes do novo cen\u00e1rio acad\u00eamico;<\/span><\/p><p class=\"c2\"><span class=\"c6\">k) busca atualizada de informa\u00e7\u00f5es oficiais sobre restri\u00e7\u00f5es de viagem e fechamento de fronteiras;<\/span><\/p><p class=\"c2\"><span class=\"c6\">l) aconselhamento por e-mail e whatsapp aos estudantes sobre a realiza\u00e7\u00e3o da quarentena em suas resid\u00eancias;<\/span><\/p><p class=\"c2\"><span class=\"c6\">m) informa\u00e7\u00f5es sobre servi\u00e7os de aten\u00e7\u00e3o \u00e0 sa\u00fade.<\/span><\/p><p class=\"c2\"><span class=\"c34\">\u00a0<\/span><\/p><p class=\"c2\"><span class=\"c0\">COVID-19 \u2013 A\u00e7\u00f5es do IFRS<\/span><\/p><p class=\"c2\"><span class=\"c11\"><a class=\"c5\" href=\"https:\/\/www.google.com\/url?q=https:\/\/docs.google.com\/spreadsheets\/d\/1sPK23HdgQVdDJnHNnzQtEMxBxgxXg6-4U9j19-77qdA\/edit?usp%3Dsharing&amp;sa=D&amp;source=editors&amp;ust=1622713899579000&amp;usg=AOvVaw2s9F1Ifo_Rcm6PLylMQvCX\" target=\"_blank\" rel=\"noopener\">https:\/\/docs.google.com\/spreadsheets\/d\/1sPK23HdgQVdDJnHNnzQtEMxBxgxXg6-4U9j19-77qdA\/edit?usp=sharing<\/a><\/span><span class=\"c6\">\u00a0 \u00a0<\/span><\/p><p class=\"c2\"><span class=\"c6\">\u00a0<\/span><\/p><p class=\"c2\"><span class=\"c0\">IFRS \u2013 Portal Not\u00edcias sobre COVID-19<\/span><\/p><p class=\"c2\"><span class=\"c11\"><a class=\"c5\" href=\"https:\/\/www.google.com\/url?q=https:\/\/ifrs.edu.br\/coronavirus\/&amp;sa=D&amp;source=editors&amp;ust=1622713899580000&amp;usg=AOvVaw2JAS1uYsfCS4FBvVaRC3JL\" target=\"_blank\" rel=\"noopener\">https:\/\/ifrs.edu.br\/coronavirus\/<\/a><\/span><\/p><p class=\"c2\"><span class=\"c0\">Estudo da Unesp tra\u00e7a rotas de dispers\u00e3o da Covid-19 em S\u00e3o Paulo<\/span><\/p><p class=\"c2\"><span class=\"c11\"><a class=\"c5\" href=\"https:\/\/www.google.com\/url?q=https:\/\/g1.globo.com\/sp\/bauru-marilia\/noticia\/2020\/04\/08\/estudo-da-unesp-aponta-cidades-no-interior-de-sp-com-maior-risco-de-difusao-da-covid-19.ghtml&amp;sa=D&amp;source=editors&amp;ust=1622713899581000&amp;usg=AOvVaw1cbmtv-tRKOC0l6CqaqJzy\" target=\"_blank\" rel=\"noopener\">https:\/\/g1.globo.com\/sp\/bauru-marilia\/noticia\/2020\/04\/08\/estudo-da-unesp-aponta-cidades-no-interior-de-sp-com-maior-risco-de-difusao-da-covid-19.ghtml<\/a><\/span><\/p><p class=\"c2\"><span class=\"c4 c14\">\u00a0<\/span><\/p><p class=\"c2\"><span class=\"c0\">Docente da UNESP pode participar de encontro onine global sobre pandemia<\/span><\/p><p class=\"c2\"><span class=\"c11\"><a class=\"c5\" href=\"https:\/\/www.google.com\/url?q=https:\/\/www2.unesp.br\/portal?fbclid%3DIwAR0OQ8ualGgw82wi1IcfQpVmUK1kf_i2hFrFM3UeqHEFFZpiDPFg54JRvB0%23!\/noticia\/35679\/docente-pode-participar-de-encontro-online-global-sobre-pandemia&amp;sa=D&amp;source=editors&amp;ust=1622713899582000&amp;usg=AOvVaw0P3dVE48FmwPidMNcn9Koe\" target=\"_blank\" rel=\"noopener\">https:\/\/www2.unesp.br\/portal?fbclid=IwAR0OQ8ualGgw82wi1IcfQpVmUK1kf_i2hFrFM3UeqHEFFZpiDPFg54JRvB0#!\/noticia\/35679\/docente-pode-participar-de-encontro-online-global-sobre-pandemia<\/a><\/span><\/p><p class=\"c2\"><span class=\"c0\">PUC-SP e FUNDASP fornecem equipamentos e acesso \u00e0 internet para estudantes<\/span><\/p><p class=\"c2\"><span class=\"c11\"><a class=\"c5\" href=\"https:\/\/www.google.com\/url?q=https:\/\/j.pucsp.br\/noticia\/puc-sp-e-fundasp-fornecem-equipamentos-e-acesso-internet-para-estudantes&amp;sa=D&amp;source=editors&amp;ust=1622713899582000&amp;usg=AOvVaw1UvYjroPzpmdc4rDRm-pZW\" target=\"_blank\" rel=\"noopener\">https:\/\/j.pucsp.br\/noticia\/puc-sp-e-fundasp-fornecem-equipamentos-e-acesso-internet-para-estudantes<\/a><\/span><\/p><p class=\"c2\"><span class=\"c6\">Acolhimento online para a comunidade da PUC-SP relacionado a quest\u00f5es de sa\u00fade mental<\/span><\/p><p class=\"c2\"><span class=\"c11\"><a class=\"c5\" href=\"https:\/\/www.google.com\/url?q=https:\/\/j.pucsp.br\/noticia\/acolhimento-online-para-comunidade-da-puc-sp-alunos-professores-e-funcionarios&amp;sa=D&amp;source=editors&amp;ust=1622713899583000&amp;usg=AOvVaw2ufFFL_LJPorWcf4FHsMWb\" target=\"_blank\" rel=\"noopener\">https:\/\/j.pucsp.br\/noticia\/acolhimento-online-para-comunidade-da-puc-sp-alunos-professores-e-funcionarios<\/a><\/span><\/p><p class=\"c2\"><span class=\"c0\">PUC-SP promove palestras voltadas para a doc\u00eancia online: estrat\u00e9gias pedag\u00f3gicas para ambientes virtuais de aprendizagem<\/span><\/p><p class=\"c2\"><span class=\"c11\"><a class=\"c5\" href=\"https:\/\/www.google.com\/url?q=https:\/\/j.pucsp.br\/noticia\/palestra-online-estrategias-pedagogicas-para-ambientes-virtuais-de-aprendizagem&amp;sa=D&amp;source=editors&amp;ust=1622713899583000&amp;usg=AOvVaw0c8-dEBu_7fwV6AH154zhV\" target=\"_blank\" rel=\"noopener\">https:\/\/j.pucsp.br\/noticia\/palestra-online-estrategias-pedagogicas-para-ambientes-virtuais-de-aprendizagem<\/a><\/span><\/p><p class=\"c2\"><span class=\"c6\">\u00a0<\/span><\/p><p class=\"c2\"><span class=\"c4 c26\">UFPE orienta estudantes em mobilidade internacional e estudantes estrangeiros do Campus em rela\u00e7\u00e3o ao COVID-19<\/span><\/p><p class=\"c2\"><span class=\"c11\"><a class=\"c5\" href=\"https:\/\/www.google.com\/url?q=https:\/\/www.ufpe.br\/relacoes-internacionais\/informes-dri\/-\/asset_publisher\/TFbk5OZ7z8ER\/content\/covid-19\/40788&amp;sa=D&amp;source=editors&amp;ust=1622713899584000&amp;usg=AOvVaw3l8-ZV1Anp0SCyYrCv55xX\" target=\"_blank\" rel=\"noopener\">https:\/\/www.ufpe.br\/relacoes-internacionais\/informes-dri\/-\/asset_publisher\/TFbk5OZ7z8ER\/content\/covid-19\/40788<\/a><\/span><\/p><p class=\"c2\"><span class=\"c13 c26\">\u00a0<\/span><\/p><p class=\"c2\"><span class=\"c4 c46\">Observat\u00f3rio UFPE | Covid-19 \u00e9 um ambiente virtual de informa\u00e7\u00f5es relacionadas \u00e0s a\u00e7\u00f5es e pesquisas relacionadas a esse novo tipo de v\u00edrus.<\/span><\/p><p class=\"c2\"><span class=\"c11\"><a class=\"c5\" href=\"https:\/\/www.google.com\/url?q=https:\/\/www.ufpe.br\/covid-19\/observatorio&amp;sa=D&amp;source=editors&amp;ust=1622713899584000&amp;usg=AOvVaw2E56Ur0d-m0t0BTva-XHJ3\" target=\"_blank\" rel=\"noopener\">https:\/\/www.ufpe.br\/covid-19\/observatorio<\/a><\/span><\/p><p class=\"c2\"><span class=\"c13 c46\">\u00a0<\/span><\/p><p class=\"c2\"><span class=\"c4 c26\">Informes da UFPE sobre COVID-19<\/span><\/p><p class=\"c2\"><span class=\"c11\"><a class=\"c5\" href=\"https:\/\/www.google.com\/url?q=https:\/\/www.ufpe.br\/covid-19\/informes&amp;sa=D&amp;source=editors&amp;ust=1622713899585000&amp;usg=AOvVaw1ZSdOv7njsDIeHaf3R9msp\" target=\"_blank\" rel=\"noopener\">https:\/\/www.ufpe.br\/covid-19\/informes<\/a><\/span><\/p><p class=\"c2\"><span class=\"c4 c26\">\u00a0<\/span><\/p><p class=\"c2\"><span class=\"c4 c26\">Destaques da UFPE sobre COVID-19<\/span><\/p><p class=\"c2\"><span class=\"c11\"><a class=\"c5\" href=\"https:\/\/www.google.com\/url?q=https:\/\/www.ufpe.br\/covid-19\/ascom\/-\/asset_publisher\/&amp;sa=D&amp;source=editors&amp;ust=1622713899585000&amp;usg=AOvVaw3uSQcc9uO9Z-2WtXEmuHuH\" target=\"_blank\" rel=\"noopener\">https:\/\/www.ufpe.br\/covid-19\/ascom\/<\/a><\/span><\/p><p class=\"c2\"><span class=\"c13 c26\">\u00a0<\/span><\/p><p class=\"c2\"><span class=\"c4 c26\">Not\u00edcias da UFPE sobre COVID-19<\/span><\/p><p class=\"c2\"><span class=\"c11\"><a class=\"c5\" href=\"https:\/\/www.google.com\/url?q=https:\/\/www.ufpe.br\/agencia\/noticias\/&amp;sa=D&amp;source=editors&amp;ust=1622713899586000&amp;usg=AOvVaw2P7eobPR2kz9kB351oMXGb\" target=\"_blank\" rel=\"noopener\">https:\/\/www.ufpe.br\/agencia\/noticias\/<\/a><\/span><\/p><p class=\"c2\"><span class=\"c16 c51\">\u00a0<\/span><span class=\"c13 c26\">\u00a0<\/span><\/p><p class=\"c2\"><span class=\"c4 c26\">UFPE \u2013 Cartilha de orienta\u00e7\u00f5es para a cozinha, as compras e a alimenta\u00e7\u00e3o<\/span><\/p><p class=\"c2\"><span class=\"c11\"><a class=\"c5\" href=\"https:\/\/www.google.com\/url?q=https:\/\/www.ufpe.br\/documents\/2732120\/0\/cartilha_alimentacao.pdf&amp;sa=D&amp;source=editors&amp;ust=1622713899586000&amp;usg=AOvVaw3sz5iVtWMZqWBV9b5sGMy8\" target=\"_blank\" rel=\"noopener\">https:\/\/www.ufpe.br\/documents\/2732120\/0\/cartilha_alimentacao.pdf<\/a><\/span><\/p><p class=\"c2\"><span class=\"c13 c26\">\u00a0<\/span><\/p><p class=\"c2\"><span class=\"c4 c26\">UFPE &#8211; R\u00e1dio Universit\u00e1ria apresenta especial sobre o Coronav\u00edrus<\/span><\/p><p class=\"c2\"><span class=\"c11\"><a class=\"c5\" href=\"https:\/\/www.google.com\/url?q=https:\/\/www.ufpe.br\/covid-19\/radio-universitaria&amp;sa=D&amp;source=editors&amp;ust=1622713899587000&amp;usg=AOvVaw2F7AUPCIqP6qbhLA4E5Z_l\" target=\"_blank\" rel=\"noopener\">https:\/\/www.ufpe.br\/covid-19\/radio-universitaria<\/a><\/span><\/p><p class=\"c2\"><span class=\"c4 c26\">\u00a0<\/span><\/p><p class=\"c2\"><span class=\"c4 c26\">UFPE \u00a0&#8211; Programas Fora da Curva e Conex\u00e3o Universit\u00e1ria lan\u00e7am podcasts sobre o coronav\u00edrus<\/span><\/p><p class=\"c2\"><span class=\"c11\"><a class=\"c5\" href=\"https:\/\/www.google.com\/url?q=https:\/\/www.ufpe.br\/covid-19\/podcasts&amp;sa=D&amp;source=editors&amp;ust=1622713899587000&amp;usg=AOvVaw3S9FLLblPofWAgDxTmAMHf\" target=\"_blank\" rel=\"noopener\">https:\/\/www.ufpe.br\/covid-19\/podcasts<\/a><\/span><\/p><p class=\"c2\">UFSC<span class=\"c3\"><a class=\"c5\" href=\"https:\/\/www.google.com\/url?q=https:\/\/noticias.ufsc.br\/2020\/04\/prae-ira-lancar-segunda-etapa-do-programa-emergencial-de-apoio-ao-estudante\/&amp;sa=D&amp;source=editors&amp;ust=1622713899587000&amp;usg=AOvVaw16uuOKcVzG8_3SUkEXRXmx\" target=\"_blank\" rel=\"noopener\">\u00a0lan\u00e7ar\u00e1 segunda etapa do Programa Emergencial de Apoio ao Estudante<\/a><\/span><\/p><p class=\"c2\"><span class=\"c11\"><a class=\"c5\" href=\"https:\/\/www.google.com\/url?q=https:\/\/noticias.ufsc.br\/2020\/04\/prae-ira-lancar-segunda-etapa-do-programa-emergencial-de-apoio-ao-estudante\/&amp;sa=D&amp;source=editors&amp;ust=1622713899588000&amp;usg=AOvVaw1nkZvaEYflx-O_keH4Ly3n\" target=\"_blank\" rel=\"noopener\">https:\/\/noticias.ufsc.br\/2020\/04\/prae-ira-lancar-segunda-etapa-do-programa-emergencial-de-apoio-ao-estudante\/<\/a><\/span><span class=\"c0\">\u00a0<\/span><\/p><p class=\"c2\"><span class=\"c0\">\u00a0<\/span><\/p><p class=\"c2\"><span class=\"c0\">UnB tem cerca de 120 projetos de pesquisa sobre o novo corona<\/span><\/p><p class=\"c2\"><span class=\"c11\"><a class=\"c5\" href=\"https:\/\/www.google.com\/url?q=https:\/\/www.correiobraziliense.com.br\/app\/noticia\/eu-estudante\/ensino_ensinosuperior\/2020\/04\/14\/interna-ensinosuperior-2019,844389\/unb-tem-cerca-de-120-projetos-de-pesquisa-sobre-o-novo-coronavirus.shtml&amp;sa=D&amp;source=editors&amp;ust=1622713899588000&amp;usg=AOvVaw3QYQJOovI81EypM-pJ38cr\" target=\"_blank\" rel=\"noopener\">https:\/\/www.correiobraziliense.com.br\/app\/noticia\/eu-estudante\/ensino_ensinosuperior\/2020\/04\/14\/interna-ensinosuperior-2019,844389\/unb-tem-cerca-de-120-projetos-de-pesquisa-sobre-o-novo-coronavirus.shtml<\/a><\/span><\/p><p class=\"c2\"><span class=\"c6\">\u00a0<\/span><\/p><p class=\"c2\"><span class=\"c0\">Entrevista com Diretor da Faculdade de Engenharia da Universidade do Porto<\/span><\/p><p class=\"c2\"><span class=\"c11\"><a class=\"c5\" href=\"https:\/\/www.google.com\/url?q=http:\/\/www.oern.pt\/noticia\/1870\/entrevista-a-joao-falcao-e-cunha-diretor-da-feup&amp;sa=D&amp;source=editors&amp;ust=1622713899589000&amp;usg=AOvVaw22qCYrPhIsEFS_1Y9aeJYT\" target=\"_blank\" rel=\"noopener\">http:\/\/www.oern.pt\/noticia\/1870\/entrevista-a-joao-falcao-e-cunha-diretor-da-feup<\/a><\/span><\/p><p class=\"c2\"><span class=\"c6\">\u00a0<\/span><\/p><p class=\"c2\"><span class=\"c0\">Unicamp oferecer\u00e1 Bolsa Aux\u00edlio Perman\u00eancia a estudante refugiado<\/span><\/p><p class=\"c2\"><span class=\"c11\"><a class=\"c5\" href=\"https:\/\/www.google.com\/url?q=https:\/\/www.unicamp.br\/unicamp\/index.php\/noticias\/2020\/04\/06\/unicamp-oferecera-bolsa-auxilio-permanencia-estudante-refugiado&amp;sa=D&amp;source=editors&amp;ust=1622713899589000&amp;usg=AOvVaw3rhO-jwLBFZ-ONDD9Gl761\" target=\"_blank\" rel=\"noopener\">https:\/\/www.unicamp.br\/unicamp\/index.php\/noticias\/2020\/04\/06\/unicamp-oferecera-bolsa-auxilio-permanencia-estudante-refugiado<\/a><\/span><\/p><p class=\"c2\"><span class=\"c13 c49\">\u00a0<\/span><\/p><p class=\"c2\"><span class=\"c4 c12\">O conhecimento a servi\u00e7o da comunidade<\/span><\/p><p class=\"c2\"><span class=\"c11\"><a class=\"c5\" href=\"https:\/\/www.google.com\/url?q=https:\/\/www.unilasalle.edu.br\/canoas\/noticias\/o-conhecimento-a-servico-da-comunidade&amp;sa=D&amp;source=editors&amp;ust=1622713899590000&amp;usg=AOvVaw1ylU0usjSdvYOFHE-N3M07\" target=\"_blank\" rel=\"noopener\">https:\/\/www.unilasalle.edu.br\/canoas\/noticias\/o-conhecimento-a-servico-da-comunidade<\/a><\/span><\/p><p class=\"c2\"><span class=\"c13 c12\">\u00a0<\/span><\/p><p class=\"c2\"><span class=\"c4 c12\">Associa\u00e7\u00e3o dos Professores da Universidade La Salle faz doa\u00e7\u00e3o de alimentos \u00e0 asilo em Porto Alegre<\/span><\/p><p class=\"c2\"><span class=\"c11\"><a class=\"c5\" href=\"https:\/\/www.google.com\/url?q=https:\/\/www.unilasalle.edu.br\/canoas\/noticias\/associacao-dos-professores-da-unisalle-faz-doacao-em-asilo-de-porto-alegre&amp;sa=D&amp;source=editors&amp;ust=1622713899590000&amp;usg=AOvVaw16tz9Haj6nT8EpOteOBgk4\" target=\"_blank\" rel=\"noopener\">https:\/\/www.unilasalle.edu.br\/canoas\/noticias\/associacao-dos-professores-da-unisalle-faz-doacao-em-asilo-de-porto-alegre<\/a><\/span><\/p><p class=\"c2\"><span class=\"c13 c12\">\u00a0<\/span><\/p><p class=\"c2\"><span class=\"c4 c12\">Universidade La Salle disponibiliza atendimento e acompanhamento psicol\u00f3gico volunt\u00e1rios \u00e0 dist\u00e2ncia para comunidade interna e externa<\/span><\/p><p class=\"c2\"><span class=\"c11\"><a class=\"c5\" href=\"https:\/\/www.google.com\/url?q=https:\/\/www.unilasalle.edu.br\/canoas\/noticias\/universidade-la-salle-oferece-apoio-psicologico-voluntario-a-comunidade&amp;sa=D&amp;source=editors&amp;ust=1622713899591000&amp;usg=AOvVaw1IVzPERCjKNF7LX0VdjNPx\" target=\"_blank\" rel=\"noopener\">https:\/\/www.unilasalle.edu.br\/canoas\/noticias\/universidade-la-salle-oferece-apoio-psicologico-voluntario-a-comunidade<\/a><\/span><\/p><p class=\"c2\"><span class=\"c13 c12\">\u00a0<\/span><\/p><p class=\"c2\"><span class=\"c4 c12\">Universidade La Salle doa materiais de higiene e prote\u00e7\u00e3o<\/span><\/p><p class=\"c2\"><span class=\"c11\"><a class=\"c5\" href=\"https:\/\/www.google.com\/url?q=https:\/\/www.unilasalle.edu.br\/canoas\/noticias\/universidade-doa-materiais-de-higiene-e-protecao-individual-para-instituicoes-de-saude&amp;sa=D&amp;source=editors&amp;ust=1622713899591000&amp;usg=AOvVaw1N4qzumwYRX1afFUg2jsGt\" target=\"_blank\" rel=\"noopener\">https:\/\/www.unilasalle.edu.br\/canoas\/noticias\/universidade-doa-materiais-de-higiene-e-protecao-individual-para-instituicoes-de-saude<\/a><\/span><\/p><p class=\"c2\"><span class=\"c13 c12\">\u00a0<\/span><\/p><p class=\"c2\"><span class=\"c4 c12\">Universidade disponibiliza lista de atividades para bem-estar em casa<\/span><\/p><p class=\"c2\"><span class=\"c11\"><a class=\"c5\" href=\"https:\/\/www.google.com\/url?q=https:\/\/www.unilasalle.edu.br\/canoas\/noticias\/rede-la-salle-incentiva-a-pratica-de-atividades-em-casa-para-garantir-o-bem-estar-das-familias&amp;sa=D&amp;source=editors&amp;ust=1622713899592000&amp;usg=AOvVaw2ZDXwIJo6q4R5s9ZGjZfia\" target=\"_blank\" rel=\"noopener\">https:\/\/www.unilasalle.edu.br\/canoas\/noticias\/rede-la-salle-incentiva-a-pratica-de-atividades-em-casa-para-garantir-o-bem-estar-das-familias<\/a><\/span><\/p><p class=\"c2\"><span class=\"c0\">S\u00e9rie especial aprofunda temas relacionados \u00e0 pandemia<\/span><\/p><p class=\"c2\"><span class=\"c11\"><a class=\"c5\" href=\"https:\/\/www.google.com\/url?q=https:\/\/www.unicamp.br\/unicamp\/noticias\/2020\/03\/31\/serie-especial-direto-na-fonte-traz-aprofundamento-de-temas-urgentes-em-tempos&amp;sa=D&amp;source=editors&amp;ust=1622713899592000&amp;usg=AOvVaw21cRzwTjXctUoGGEPZeg-z\" target=\"_blank\" rel=\"noopener\">https:\/\/www.unicamp.br\/unicamp\/noticias\/2020\/03\/31\/serie-especial-direto-na-fonte-traz-aprofundamento-de-temas-urgentes-em-tempos<\/a><\/span><\/p><p class=\"c2\"><span class=\"c0\">\u00a0<\/span><\/p><p class=\"c2\"><span class=\"c0\">Portal COVID-19 &#8211; Unicamp<\/span><\/p><p class=\"c2\"><span class=\"c11\"><a class=\"c5\" href=\"https:\/\/www.google.com\/url?q=https:\/\/www.unicamp.br\/unicamp\/coronavirus&amp;sa=D&amp;source=editors&amp;ust=1622713899593000&amp;usg=AOvVaw1nV61GEvX19hPKuGpPJBFP\" target=\"_blank\" rel=\"noopener\">https:\/\/www.unicamp.br\/unicamp\/coronavirus<\/a><\/span><\/p><p class=\"c2\"><span class=\"c0\">Alunos em interc\u00e2mbio poder\u00e3o solicitar prorroga\u00e7\u00e3o por mais um semestre<\/span><\/p><p class=\"c2\"><span class=\"c11\"><a class=\"c5\" href=\"https:\/\/www.google.com\/url?q=https:\/\/www.unicamp.br\/unicamp\/noticias\/2020\/03\/27\/alunos-em-intercambio-poderao-solicitar-prorrogacao-por-mais-um-semestre&amp;sa=D&amp;source=editors&amp;ust=1622713899593000&amp;usg=AOvVaw0-U0GS-wTRx_CvvAmmWUzP\" target=\"_blank\" rel=\"noopener\">https:\/\/www.unicamp.br\/unicamp\/noticias\/2020\/03\/27\/alunos-em-intercambio-poderao-solicitar-prorrogacao-por-mais-um-semestre<\/a><\/span><\/p><p class=\"c2\"><span class=\"c6\">\u00a0<\/span><\/p><p class=\"c2\"><span class=\"c21 c16\">Ensino superior e Covid-19: Uma declara\u00e7\u00e3o de educadores, acad\u00eamicos e formuladores de pol\u00edticas p\u00fablicas de toda a Am\u00e9rica Latina<\/span><span class=\"c6 c21\">\u00a0<\/span><\/p><p class=\"c2\"><span class=\"c11\"><a class=\"c5\" href=\"https:\/\/www.google.com\/url?q=https:\/\/www.unicamp.br\/unicamp\/noticias\/2020\/03\/30\/declaracao-de-educadores-academicos-e-formuladores-de-opiniao-publica-de-toda&amp;sa=D&amp;source=editors&amp;ust=1622713899594000&amp;usg=AOvVaw00QtP94RwFUiUIAR9aG10G\" target=\"_blank\" rel=\"noopener\">https:\/\/www.unicamp.br\/unicamp\/noticias\/2020\/03\/30\/declaracao-de-educadores-academicos-e-formuladores-de-opiniao-publica-de-toda<\/a><\/span><\/p><p class=\"c2\"><span class=\"c6\">\u00a0<\/span><\/p><p class=\"c2\"><span class=\"c0\">Epidemiologista da UNIFAL-MG esclarece d\u00favidas sobre o novo coronav\u00edrus<\/span><\/p><p class=\"c2\"><span class=\"c3\"><a class=\"c5\" href=\"https:\/\/www.google.com\/url?q=https:\/\/www.youtube.com\/watch?v%3DclO9gdvSs5k%2522%2520%255Ct%2520%2522_blank&amp;sa=D&amp;source=editors&amp;ust=1622713899594000&amp;usg=AOvVaw1p74GjIRpMVbxTxU4GYxg-\" target=\"_blank\" rel=\"noopener\">https:\/\/www.youtube.com\/watch?v=clO9gdvSs5k<\/a><\/span><\/p><p class=\"c2\"><span class=\"c6\">\u00a0<\/span><\/p><p class=\"c2\"><span class=\"c0\">Docente da UNIFAL-MG comenta a pandemia do novo coronav\u00edrus<\/span><\/p><p class=\"c2\"><span class=\"c3\"><a class=\"c5\" href=\"https:\/\/www.google.com\/url?q=https:\/\/www.youtube.com\/watch?v%3Dw7GxtUoudRU%2522%2520%255Ct%2520%2522_blank&amp;sa=D&amp;source=editors&amp;ust=1622713899595000&amp;usg=AOvVaw1r0Tuiu3xaPdfKZBLBp8TB\" target=\"_blank\" rel=\"noopener\">https:\/\/www.youtube.com\/watch?v=w7GxtUoudRU<\/a><\/span><\/p><p class=\"c2\"><span class=\"c6\">\u00a0<\/span><\/p><p class=\"c2\"><span class=\"c0\">Docente da UNIFAL-MG fala sobre o isolamento social e a economia<\/span><\/p><p class=\"c2\"><span class=\"c3\"><a class=\"c5\" href=\"https:\/\/www.google.com\/url?q=https:\/\/globoplay.globo.com\/v\/8477726\/%2522%2520%255Ct%2520%2522_blank&amp;sa=D&amp;source=editors&amp;ust=1622713899595000&amp;usg=AOvVaw0KatfRAltj6Q2FPwPPXLxh\" target=\"_blank\" rel=\"noopener\">https:\/\/globoplay.globo.com\/v\/8477726\/<\/a><\/span><\/p><p class=\"c2\"><span class=\"c6\">\u00a0<\/span><\/p><p class=\"c2\"><span class=\"c0\">UNIFAL-MG cede espa\u00e7o para auxiliar os atendimentos da UPA de Varginha<\/span><\/p><p class=\"c2\"><span class=\"c3\"><a class=\"c5\" href=\"https:\/\/www.google.com\/url?q=https:\/\/globoplay.globo.com\/v\/8478029\/%2522%2520%255Ct%2520%2522_blank&amp;sa=D&amp;source=editors&amp;ust=1622713899596000&amp;usg=AOvVaw35q_Fe2hZSciVublmrFsUt\" target=\"_blank\" rel=\"noopener\">https:\/\/globoplay.globo.com\/v\/8478029\/<\/a><\/span><\/p><p class=\"c2\"><span class=\"c3\"><a class=\"c5\" href=\"https:\/\/www.google.com\/url?q=https:\/\/www.youtube.com\/watch?v%3Dqin9PoDT9pc%2522%2520%255Ct%2520%2522_blank&amp;sa=D&amp;source=editors&amp;ust=1622713899596000&amp;usg=AOvVaw1lMDD8UbFAWQ3T5WNaIFHM\" target=\"_blank\" rel=\"noopener\">https:\/\/www.youtube.com\/watch?v=qin9PoDT9pc<\/a><\/span><\/p><p class=\"c2\"><span class=\"c6\">\u00a0<\/span><\/p><p class=\"c2\"><span class=\"c0\">Estudantes da UNIFAL-MG se aproximam de idosos durante a pandemia<\/span><\/p><p class=\"c2\"><span class=\"c3\"><a class=\"c5\" href=\"https:\/\/www.google.com\/url?q=https:\/\/globoplay.globo.com\/v\/8477894\/%2522%2520%255Ct%2520%2522_blank&amp;sa=D&amp;source=editors&amp;ust=1622713899596000&amp;usg=AOvVaw3WUCRIH2Faw8xClynGhiWs\" target=\"_blank\" rel=\"noopener\">https:\/\/globoplay.globo.com\/v\/8477894\/<\/a><\/span><\/p><p class=\"c2\"><span class=\"c6\">\u00a0<\/span><\/p><p class=\"c2\"><span class=\"c0\">Iniciativas da UFRN para o combate do COVID-19<\/span><\/p><p class=\"c2\"><span class=\"c11\"><a class=\"c5\" href=\"https:\/\/www.google.com\/url?q=http:\/\/coronavirus.ufrn.br&amp;sa=D&amp;source=editors&amp;ust=1622713899597000&amp;usg=AOvVaw2j33jaUq4KD9Oh7qKAk16-\" target=\"_blank\" rel=\"noopener\">http:\/\/coronavirus.ufrn.br<\/a><\/span><\/p><p class=\"c2\"><span class=\"c6\">\u00a0<\/span><\/p><p class=\"c19\"><span class=\"c21 c16\">Plataforma\u00a0<\/span><span class=\"c16\">Coronav\u00edrus RN<\/span><span class=\"c0 c21\">\u00a0<\/span><\/p><p class=\"c2\"><span class=\"c11\"><a class=\"c5\" href=\"https:\/\/www.google.com\/url?q=https:\/\/lais.huol.ufrn.br\/plataforma-de-monitoramento-da-covid-19-e-incorporada-ao-site-oficial-do-governo-do-rn\/&amp;sa=D&amp;source=editors&amp;ust=1622713899597000&amp;usg=AOvVaw2_AYYQJ4L6AlWvFaXpkKsK\" target=\"_blank\" rel=\"noopener\">https:\/\/lais.huol.ufrn.br\/plataforma-de-monitoramento-da-covid-19-e-incorporada-ao-site-oficial-do-governo-do-rn\/<\/a><\/span><\/p><p class=\"c40\"><span class=\"c0\">Site re\u00fane a\u00e7\u00f5es do IMD contra o Coronav\u00edrus e recebe cadastramento de volunt\u00e1rios<\/span><\/p><p class=\"c19\"><span class=\"c11\"><a class=\"c5\" href=\"https:\/\/www.google.com\/url?q=https:\/\/covid19.imd.ufrn.br\/&amp;sa=D&amp;source=editors&amp;ust=1622713899598000&amp;usg=AOvVaw2gWtL5yJ4tkzFICM0lxB0T\" target=\"_blank\" rel=\"noopener\">https:\/\/covid19.imd.ufrn.br\/<\/a><\/span><\/p><p class=\"c19\"><span class=\"c0\">Acolhimento Psicol\u00f3gico por meio da Central de Atendimento em Preven\u00e7\u00e3o ao Coronav\u00edrus, em parceria com a Secretaria Estadual de Sa\u00fade P\u00fablica<\/span><\/p><p class=\"c2\"><span class=\"c11\"><a class=\"c5\" href=\"https:\/\/www.google.com\/url?q=https:\/\/ufrn.br\/imprensa\/noticias\/35042\/psicologia-da-ufrn-atua-no-disque-prevencao-ao-coronavirus&amp;sa=D&amp;source=editors&amp;ust=1622713899598000&amp;usg=AOvVaw3U5Pmf_ynAZ4PH7HxanjqO\" target=\"_blank\" rel=\"noopener\">https:\/\/ufrn.br\/imprensa\/noticias\/35042\/psicologia-da-ufrn-atua-no-disque-prevencao-ao-coronavirus<\/a><\/span><span class=\"c6\">\u00a0<\/span><\/p><p class=\"c2\"><span class=\"c0\">Livro infantil mostra crian\u00e7as enfrentando v\u00edrus<\/span><\/p><p class=\"c2\"><span class=\"c11\"><a class=\"c5\" href=\"https:\/\/www.google.com\/url?q=https:\/\/ondacultural.wixsite.com\/livro&amp;sa=D&amp;source=editors&amp;ust=1622713899599000&amp;usg=AOvVaw28ZSiZnahjAl1gfxFFe5o1\" target=\"_blank\" rel=\"noopener\">https:\/\/ondacultural.wixsite.com\/livro<\/a><\/span><\/p><p class=\"c2\"><span class=\"c6\">\u00a0<\/span><\/p><p class=\"c2\"><span class=\"c0\">Covid-19 Material de Campanha<\/span><\/p><p class=\"c2\"><span class=\"c11\"><a class=\"c5\" href=\"https:\/\/www.google.com\/url?q=https:\/\/ufla.br\/covid-19-material-de-campanha&amp;sa=D&amp;source=editors&amp;ust=1622713899599000&amp;usg=AOvVaw115e6k_IOjP-P-VoCWs7aw\" target=\"_blank\" rel=\"noopener\">https:\/\/ufla.br\/covid-19-material-de-campanha<\/a><\/span><\/p><p class=\"c2\"><span class=\"c0\">\u00a0<\/span><\/p><p class=\"c2\"><span class=\"c0\">Informa\u00e7\u00f5es sobre a Covid<\/span><\/p><p class=\"c2\"><span class=\"c11\"><a class=\"c5\" href=\"https:\/\/www.google.com\/url?q=https:\/\/ufla.br\/informacoes-sobre-a-covid-19&amp;sa=D&amp;source=editors&amp;ust=1622713899600000&amp;usg=AOvVaw0MtAmxuBq8ee3kSQFZh5tV\" target=\"_blank\" rel=\"noopener\">https:\/\/ufla.br\/informacoes-sobre-a-covid-19<\/a><\/span><\/p><p class=\"c2\"><span class=\"c6\">\u00a0<\/span><\/p><p class=\"c2\"><span class=\"c0\">Comit\u00ea Especial de Emerg\u00eancia Covid-19 UFLA<\/span><\/p><p class=\"c2\"><span class=\"c11\"><a class=\"c5\" href=\"https:\/\/www.google.com\/url?q=https:\/\/ufla.br\/covid-19-tempo-real&amp;sa=D&amp;source=editors&amp;ust=1622713899600000&amp;usg=AOvVaw3Vw2zr6iwPSPbUVgXz3U-W\" target=\"_blank\" rel=\"noopener\">https:\/\/ufla.br\/covid-19-tempo-real<\/a><\/span><\/p><p class=\"c2\"><span class=\"c6\">\u00a0<\/span><\/p><p class=\"c2\"><span class=\"c0\">Not\u00edcias Covid-19<\/span><\/p><p class=\"c2\"><span class=\"c11\"><a class=\"c5\" href=\"https:\/\/www.google.com\/url?q=https:\/\/ufla.br\/covid-19-noticias&amp;sa=D&amp;source=editors&amp;ust=1622713899600000&amp;usg=AOvVaw2p_b7zjEaR7ey2U55n-vOB\" target=\"_blank\" rel=\"noopener\">https:\/\/ufla.br\/covid-19-noticias<\/a><\/span><\/p><p class=\"c2\"><span class=\"c6\">\u00a0<\/span><\/p><p class=\"c2\"><span class=\"c0\">UFPA instala Grupo de Trabalho sobre o novo coronav\u00edrus<\/span><\/p><p class=\"c2\"><span class=\"c11\"><a class=\"c5\" href=\"https:\/\/www.google.com\/url?q=https:\/\/coronavirus.ufpa.br\/home%2520\/&amp;sa=D&amp;source=editors&amp;ust=1622713899601000&amp;usg=AOvVaw0ugNQp9BYm9rW7x3yih1CW\" target=\"_blank\" rel=\"noopener\">https:\/\/coronavirus.ufpa.br\/home \/<\/a><\/span><span class=\"c33\"><a class=\"c5\" href=\"https:\/\/www.google.com\/url?q=https:\/\/coronavirus.ufpa.br\/not%25C3%25ADcias&amp;sa=D&amp;source=editors&amp;ust=1622713899601000&amp;usg=AOvVaw2mYJ5pGU-hVFxWwsNEizly\" target=\"_blank\" rel=\"noopener\">\u00a0<\/a><\/span><span class=\"c11\"><a class=\"c5\" href=\"https:\/\/www.google.com\/url?q=https:\/\/coronavirus.ufpa.br\/not%25C3%25ADcias&amp;sa=D&amp;source=editors&amp;ust=1622713899601000&amp;usg=AOvVaw2mYJ5pGU-hVFxWwsNEizly\" target=\"_blank\" rel=\"noopener\">https:\/\/coronavirus.ufpa.br\/not\u00edcias<\/a><\/span><\/p><p class=\"c2\"><span class=\"c0\">O Ensino Superior no combate \u00e0 COVID-19<\/span><\/p><p class=\"c2\"><span class=\"c3\"><a class=\"c5\" href=\"https:\/\/www.google.com\/url?q=https:\/\/www.semesp.org.br\/ies-contra-a-covid-19\/&amp;sa=D&amp;source=editors&amp;ust=1622713899602000&amp;usg=AOvVaw23HxzaO_Vp2HoZUeQDn29c\" target=\"_blank\" rel=\"noopener\">https:\/\/www.semesp.org.br\/ies-contra-a-covid-19\/<\/a><\/span><\/p><p class=\"c2\"><span class=\"c0\">Projeto da UEL desenvolve novo modelo de m\u00e1scara cir\u00fargica de alta prote\u00e7\u00e3o<\/span><\/p><p class=\"c2\"><span class=\"c3\"><a class=\"c5\" href=\"https:\/\/www.google.com\/url?q=https:\/\/www.bonde.com.br\/bondenews\/londrina\/projeto-da-uel-desenvolve-novo-modelo-de-mascara-cirurgica-de-alta-protecao-515514.html&amp;sa=D&amp;source=editors&amp;ust=1622713899602000&amp;usg=AOvVaw0P5bIHAPrBtjIzpTTTKhd3\" target=\"_blank\" rel=\"noopener\">https:\/\/www.bonde.com.br\/bondenews\/londrina\/projeto-da-uel-desenvolve-novo-modelo-de-mascara-cirurgica-de-alta-protecao-515514.html<\/a><\/span><\/p><p class=\"c2\"><span class=\"c0\">For\u00e7a-tarefa da Unicamp contra a Covid-19 ganha site pr\u00f3prio<\/span><\/p><p class=\"c2 c36\"><span class=\"c3\"><a class=\"c5\" href=\"https:\/\/www.google.com\/url?q=https:\/\/www.unicamp.br\/unicamp\/coronavirus\/forca-tarefa-da-unicamp-contra-covid-19-ganha-site-proprio&amp;sa=D&amp;source=editors&amp;ust=1622713899603000&amp;usg=AOvVaw2rYl2otUXn_TNkXUGixp3n\" target=\"_blank\" rel=\"noopener\">https:\/\/www.unicamp.br\/unicamp\/coronavirus\/forca-tarefa-da-unicamp-contra-covid-19-ganha-site-proprio<\/a><\/span><\/p><p class=\"c2\"><span class=\"c0\">Coronav\u00edrus: IFPB disponibiliza material educativo sobre a\u00e7\u00f5es de preven\u00e7\u00e3o, sintomas e cont\u00e1gio<\/span><\/p><p class=\"c2\"><span class=\"c3\"><a class=\"c5\" href=\"https:\/\/www.google.com\/url?q=https:\/\/www.ifpb.edu.br\/noticias\/2020\/03\/coronavirus-ifpb-disponibiliza-material-educativo-sobre-acoes-de-prevencao-sintomas-e-contagio&amp;sa=D&amp;source=editors&amp;ust=1622713899603000&amp;usg=AOvVaw1O6hsb1mZJOUpaiOjs5_iR\" target=\"_blank\" rel=\"noopener\">https:\/\/www.ifpb.edu.br\/noticias\/2020\/03\/coronavirus-ifpb-disponibiliza-material-educativo-sobre-acoes-de-prevencao-sintomas-e-contagio<\/a><\/span><\/p><p class=\"c2\"><span class=\"c0\">Psic\u00f3logos do IFPB criam grupo virtual para acolher estudantes<\/span><\/p><p class=\"c2\"><span class=\"c3\"><a class=\"c5\" href=\"https:\/\/www.google.com\/url?q=https:\/\/www.ifpb.edu.br\/noticias\/2020\/03\/psicologos-do-ifpb-criam-grupo-virtual-como-forma-de-se-manter-proximo-aos-estudantes&amp;sa=D&amp;source=editors&amp;ust=1622713899604000&amp;usg=AOvVaw1ZUVB4eahlxHLKpzTMkbBT\" target=\"_blank\" rel=\"noopener\">https:\/\/www.ifpb.edu.br\/noticias\/2020\/03\/psicologos-do-ifpb-criam-grupo-virtual-como-forma-de-se-manter-proximo-aos-estudantes<\/a><\/span><span class=\"c4 c8\">\u00a0<\/span><\/p><p class=\"c2\"><span class=\"c0\">Polo de Inova\u00e7\u00e3o do IFPB j\u00e1 doou mais de 170 protetores faciais para o combate ao Covid-19<\/span><\/p><p class=\"c2\"><span class=\"c3\"><a class=\"c5\" href=\"https:\/\/www.google.com\/url?q=https:\/\/www.ifpb.edu.br\/noticias\/2020\/03\/polo-de-inovacao-do-ifpb-ja-doou-mais-de-170-protetores-faciais-para-o-combate-ao-covid-19&amp;sa=D&amp;source=editors&amp;ust=1622713899605000&amp;usg=AOvVaw2rqw4-g6oHUeo8Fr76YJpn\" target=\"_blank\" rel=\"noopener\">https:\/\/www.ifpb.edu.br\/noticias\/2020\/03\/polo-de-inovacao-do-ifpb-ja-doou-mais-de-170-protetores-faciais-para-o-combate-ao-covid-19<\/a><\/span><\/p><p class=\"c2\"><span class=\"c0\">Egressos do IFPB Campus Monteiro desenvolvem aplicativo para ajudar durante a quarentena<\/span><\/p><p class=\"c2\"><span class=\"c3\"><a class=\"c5\" href=\"https:\/\/www.google.com\/url?q=https:\/\/www.ifpb.edu.br\/noticias\/2020\/03\/egressos-do-ifpb-campus-monteiro-desenvolvem-aplicativo-para-ajudar-durante-a-quarentena&amp;sa=D&amp;source=editors&amp;ust=1622713899605000&amp;usg=AOvVaw0euZPudwNMcFAL66AnElvL\" target=\"_blank\" rel=\"noopener\">https:\/\/www.ifpb.edu.br\/noticias\/2020\/03\/egressos-do-ifpb-campus-monteiro-desenvolvem-aplicativo-para-ajudar-durante-a-quarentena<\/a><\/span><\/p><p class=\"c2\"><span class=\"c0\">Extens\u00e3o e Cultura do IFPB no combate ao Coronav\u00edrus<\/span><\/p><p class=\"c2\"><span class=\"c3\"><a class=\"c5\" href=\"https:\/\/www.google.com\/url?q=https:\/\/www.ifpb.edu.br\/noticias\/2020\/04\/extensao-no-combate-ao-coronavirus&amp;sa=D&amp;source=editors&amp;ust=1622713899606000&amp;usg=AOvVaw0dzQetkf0QFbC1vCZkLRLY\" target=\"_blank\" rel=\"noopener\">https:\/\/www.ifpb.edu.br\/noticias\/2020\/04\/extensao-no-combate-ao-coronavirus<\/a><\/span><\/p><p class=\"c2\"><span class=\"c0\">Estudante do IFPB cria aplicativo para disseminar informa\u00e7\u00f5es confi\u00e1veis sobre o coronav\u00edrus<\/span><\/p><p class=\"c2\"><span class=\"c3\"><a class=\"c5\" href=\"https:\/\/www.google.com\/url?q=https:\/\/www.ifpb.edu.br\/noticias\/2020\/04\/estudante-cria-aplicativo-para-disseminar-informacoes-confiaveis-sobre-o-coronavirus&amp;sa=D&amp;source=editors&amp;ust=1622713899606000&amp;usg=AOvVaw11jHiemNKg1fHX3RFSIjyN\" target=\"_blank\" rel=\"noopener\">https:\/\/www.ifpb.edu.br\/noticias\/2020\/04\/estudante-cria-aplicativo-para-disseminar-informacoes-confiaveis-sobre-o-coronavirus<\/a><\/span><\/p><p class=\"c2\"><span class=\"c0\">IFPB produzir\u00e1 \u00e1lcool em gel a 70% e \u00e1lcool glicerinado a 80%<\/span><\/p><p class=\"c2\"><span class=\"c3\"><a class=\"c5\" href=\"https:\/\/www.google.com\/url?q=https:\/\/www.ifpb.edu.br\/noticias\/2020\/04\/ifpb-produzira-alcool-em-gel-a-70-e-alcool-glicerinado-a-80&amp;sa=D&amp;source=editors&amp;ust=1622713899607000&amp;usg=AOvVaw2b7tqKPQqoTJwNFYQd8ge6\" target=\"_blank\" rel=\"noopener\">https:\/\/www.ifpb.edu.br\/noticias\/2020\/04\/ifpb-produzira-alcool-em-gel-a-70-e-alcool-glicerinado-a-80<\/a><\/span><\/p><p class=\"c2\"><span class=\"c0\">Cajazeiras Solid\u00e1ria: IFPB produzir\u00e1 cerca de duas mil m\u00e1scaras para doa\u00e7\u00e3o<\/span><\/p><p class=\"c2\"><span class=\"c3\"><a class=\"c5\" href=\"https:\/\/www.google.com\/url?q=https:\/\/www.ifpb.edu.br\/cajazeiras\/noticias\/2020\/04\/cajazeiras-solidaria-ifpb-produzira-cerca-de-duas-mil-mascaras-para-doacao&amp;sa=D&amp;source=editors&amp;ust=1622713899607000&amp;usg=AOvVaw1rAmtnU7-WNNEsu-rjsQ_3\" target=\"_blank\" rel=\"noopener\">https:\/\/www.ifpb.edu.br\/cajazeiras\/noticias\/2020\/04\/cajazeiras-solidaria-ifpb-produzira-cerca-de-duas-mil-mascaras-para-doacao<\/a><\/span><\/p><p class=\"c2\"><span class=\"c0\">Servidores fazem doa\u00e7\u00e3o de cestas b\u00e1sicas<\/span><\/p><p class=\"c2\"><span class=\"c3\"><a class=\"c5\" href=\"https:\/\/www.google.com\/url?q=https:\/\/www.ifpb.edu.br\/princesaisabel\/noticias\/2020\/04\/servidores-fazem-doacao-de-cestas-basicas&amp;sa=D&amp;source=editors&amp;ust=1622713899608000&amp;usg=AOvVaw39-ind6_wqhBzdzCM_7IGC\" target=\"_blank\" rel=\"noopener\">https:\/\/www.ifpb.edu.br\/princesaisabel\/noticias\/2020\/04\/servidores-fazem-doacao-de-cestas-basicas<\/a><\/span><\/p><p class=\"c2\"><span class=\"c16\">Campus Santa Luzia realiza projeto motivacional com estudantes durante a pandemi<\/span><span class=\"c4 c8\">a<\/span><\/p><p class=\"c2\"><span class=\"c3\"><a class=\"c5\" href=\"https:\/\/www.google.com\/url?q=https:\/\/www.ifpb.edu.br\/santaluzia\/noticias\/2020\/04\/campus-santa-luzia-realiza-projeto-motivacional-com-estudantes-durante-a-pandemia&amp;sa=D&amp;source=editors&amp;ust=1622713899608000&amp;usg=AOvVaw3D1tQNw7obhERvGdb4Okpk\" target=\"_blank\" rel=\"noopener\">https:\/\/www.ifpb.edu.br\/santaluzia\/noticias\/2020\/04\/campus-santa-luzia-realiza-projeto-motivacional-com-estudantes-durante-a-pandemia<\/a><\/span><\/p><p class=\"c2\"><span class=\"c0\">Campus Sousa realiza a primeira cola\u00e7\u00e3o de grau por videoconfer\u00eancia do IFPB<\/span><\/p><p class=\"c2\"><span class=\"c3\"><a class=\"c5\" href=\"https:\/\/www.google.com\/url?q=https:\/\/www.ifpb.edu.br\/sousa\/noticias\/2020\/04\/campus-sousa-realiza-a-primeira-solenidade-de-colacao-de-grau-por-videoconferencia-do-ifpb&amp;sa=D&amp;source=editors&amp;ust=1622713899609000&amp;usg=AOvVaw2jqJqxJAPwwnxoW2LS08ap\" target=\"_blank\" rel=\"noopener\">https:\/\/www.ifpb.edu.br\/sousa\/noticias\/2020\/04\/campus-sousa-realiza-a-primeira-solenidade-de-colacao-de-grau-por-videoconferencia-do-ifpb<\/a><\/span><\/p><p class=\"c2\"><span class=\"c16\">V\u00eddeo IFPB e a preve\u00e7\u00e3o ao coronav\u00edrus<\/span><\/p><p class=\"c2\"><span class=\"c3\"><a class=\"c5\" href=\"https:\/\/www.google.com\/url?q=https:\/\/www.youtube.com\/watch?v%3DHvolAKm2w5I&amp;sa=D&amp;source=editors&amp;ust=1622713899609000&amp;usg=AOvVaw190lTKd_pVA0NEROJ1WruP\" target=\"_blank\" rel=\"noopener\">https:\/\/www.youtube.com\/watch?v=HvolAKm2w5I<\/a><\/span><span class=\"c13 c8\">\u00a0<\/span><\/p><p class=\"c2\"><span class=\"c16\">V\u00eddeo Combate ao Coronav\u00edrus Covid-19 &#8211; Libras<\/span><\/p><p class=\"c2\"><span class=\"c3\"><a class=\"c5\" href=\"https:\/\/www.google.com\/url?q=https:\/\/www.youtube.com\/watch?v%3DTBq1pG-dM7c%26t%3D2s&amp;sa=D&amp;source=editors&amp;ust=1622713899610000&amp;usg=AOvVaw2wDxipFnZcEntUCoEPZgvM\" target=\"_blank\" rel=\"noopener\">https:\/\/www.youtube.com\/watch?v=TBq1pG-dM7c&amp;t=2s<\/a><\/span><\/p><p class=\"c2\"><span class=\"c4 c8\">Respiradores quebrados recebem manuten\u00e7\u00e3o<\/span><\/p><p class=\"c2\"><span class=\"c3\"><a class=\"c5\" href=\"https:\/\/www.google.com\/url?q=https:\/\/globoplay.globo.com\/v\/8489453\/&amp;sa=D&amp;source=editors&amp;ust=1622713899610000&amp;usg=AOvVaw3wHI1593KyhHeMPsxCaRQq\" target=\"_blank\" rel=\"noopener\">https:\/\/globoplay.globo.com\/v\/8489453\/<\/a><\/span><span class=\"c13 c8\">\u00a0<\/span><\/p><p class=\"c2\"><span class=\"c4 c8\">Professoras do IFCE lan\u00e7am m\u00fasica com mensagem especial<\/span><\/p><p class=\"c2\"><span class=\"c3\"><a class=\"c5\" href=\"https:\/\/www.google.com\/url?q=https:\/\/www.youtube.com\/watch?v%3DtfUzJ8uGLWs&amp;sa=D&amp;source=editors&amp;ust=1622713899611000&amp;usg=AOvVaw1-Wh2cEYAih6Y82mNFDM9x\" target=\"_blank\" rel=\"noopener\">https:\/\/www.youtube.com\/watch?v=tfUzJ8uGLWs<\/a><\/span><\/p><p class=\"c2\"><span class=\"c4 c8\">Guia traz dicas sobre sa\u00fade e bem-estar durante distanciamento<\/span><\/p><p class=\"c2\"><span class=\"c3\"><a class=\"c5\" href=\"https:\/\/www.google.com\/url?q=https:\/\/ifce.edu.br\/noticias\/guia-traz-dicas-sobre-saude-e-bem-estar-durante-distanciamento&amp;sa=D&amp;source=editors&amp;ust=1622713899612000&amp;usg=AOvVaw0KkyLONdxvn76D56CY0Sad\" target=\"_blank\" rel=\"noopener\">https:\/\/ifce.edu.br\/noticias\/guia-traz-dicas-sobre-saude-e-bem-estar-durante-distanciamento<\/a><\/span><\/p><p class=\"c2\"><span class=\"c4 c8\">IFCE cria plataforma para georreferenciamento da Covid-19<\/span><\/p><p class=\"c2\"><span class=\"c3\"><a class=\"c5\" href=\"https:\/\/www.google.com\/url?q=http:\/\/covid19.ifce.edu.br\/%2522%2520%255Cl%2520%2522\/home&amp;sa=D&amp;source=editors&amp;ust=1622713899613000&amp;usg=AOvVaw2KElmgLntAdApIJF_FHZOC\" target=\"_blank\" rel=\"noopener\">http:\/\/covid19.ifce.edu.br\/#\/hom<\/a><\/span><\/p><p class=\"c2\"><span class=\"c4 c8\">Plataforma &#8220;Fique no Lar&#8221; j\u00e1 alcan\u00e7a cinco estados<\/span><\/p><p class=\"c2\"><span class=\"c3\"><a class=\"c5\" href=\"https:\/\/www.google.com\/url?q=http:\/\/fiquenolar.ifce.edu.br\/%2522%2520%255Cl%2520%2522\/&amp;sa=D&amp;source=editors&amp;ust=1622713899613000&amp;usg=AOvVaw0_1Xzcm6vDDQM_H7ZbNdTT\" target=\"_blank\" rel=\"noopener\">http:\/\/fiquenolar.ifce.edu.br\/#<\/a><\/span><\/p><p class=\"c2\"><span class=\"c4 c8\">IFCE produz m\u00e1scaras para profissionais de sa\u00fade<\/span><\/p><p class=\"c2\"><span class=\"c3\"><a class=\"c5\" href=\"https:\/\/www.google.com\/url?q=https:\/\/ifce.edu.br\/fortaleza\/noticias\/ifce-produz-mascaras-para-profissionais-de-saude&amp;sa=D&amp;source=editors&amp;ust=1622713899614000&amp;usg=AOvVaw0e9BDzepnpgrr3JBLMNNIs\" target=\"_blank\" rel=\"noopener\">https:\/\/ifce.edu.br\/fortaleza\/noticias\/ifce-produz-mascaras-para-profissionais-de-saud<\/a><\/span><\/p><p class=\"c2\"><span class=\"c4 c8\">IFCE de Fortaleza doa cloro para Cruz Vermelha<\/span><\/p><p class=\"c2\"><span class=\"c3\"><a class=\"c5\" href=\"https:\/\/www.google.com\/url?q=https:\/\/ifce.edu.br\/fortaleza\/noticias\/ifce-de-fortaleza-doa-cloro-para-cruz-vermelha&amp;sa=D&amp;source=editors&amp;ust=1622713899615000&amp;usg=AOvVaw0uGzx4qSMzQpzUpwchfa32\" target=\"_blank\" rel=\"noopener\">https:\/\/ifce.edu.br\/fortaleza\/noticias\/ifce-de-fortaleza-doa-cloro-para-cruz-vermelha<\/a><\/span><\/p><p class=\"c2\"><span class=\"c4 c8\">Pesquisadores identificam vulnerabilidade da regi\u00e3o Amaz\u00f4nica e defendem controle sanit\u00e1rio nos aeroportos<\/span><\/p><p class=\"c2\"><span class=\"c13 c20\">https:\/\/ufop.br\/noticias\/coronavirus\/pesquisadores-identificam-vulnerabilidade-da-regiao-amazonica-e-defendem<\/span><\/p><p class=\"c2\"><span class=\"c4 c8\">Pesquisadores da UFOP criam projeto &#8220;CuidaIdoso&#8221; para assist\u00eancia remota durante a pandemia do coronav\u00edrus<\/span><\/p><p class=\"c2\"><span class=\"c13 c20\">https:\/\/ufop.br\/noticias\/coronavirus\/pesquisadores-da-ufop-criam-projeto-cuidaidoso-para-assistencia-remota-durante<\/span><\/p><p class=\"c2\"><span class=\"c4 c8\">UFOP se inscreve para realizar exames de Covid-19<\/span><\/p><p class=\"c2\"><span class=\"c13 c20\">https:\/\/ufop.br\/noticias\/coronavirus\/ufop-se-inscreve-para-realizar-exames-de-covid-19<\/span><\/p><p class=\"c2\"><span class=\"c13 c8\">\u00a0<\/span><\/p><p class=\"c2\"><span class=\"c4 c8\">UFOP e prefeitura realizam capacita\u00e7\u00e3o para profissionais da \u00e1rea da sa\u00fade<\/span><\/p><p class=\"c2\"><span class=\"c13 c20\">https:\/\/ufop.br\/noticias\/coronavirus\/ufop-e-prefeitura-realizam-capacitacao-para-profissionais-da-area-da-saude<\/span><\/p><p class=\"c2\"><span class=\"c13 c8\">\u00a0<\/span><\/p><p class=\"c2\"><span class=\"c4 c8\">Projetos de comercializa\u00e7\u00e3o de produtos da agroecologia montam servi\u00e7os de entrega<\/span><\/p><p class=\"c2\"><span class=\"c13 c20\">https:\/\/ufop.br\/noticias\/comunidade\/projetos-de-comercializacao-de-produtos-da-agroecologia-montam-servicos-de<\/span><\/p><p class=\"c2\"><span class=\"c13 c8\">\u00a0<\/span><\/p><p class=\"c2\"><span class=\"c4 c8\">UFOP produz protetores faciais para aumentar a seguran\u00e7a de profissionais da sa\u00fade<\/span><\/p><p class=\"c2\"><span class=\"c13 c20\">https:\/\/www.ufop.br\/noticias\/pesquisa-e-inovacao\/ufop-produz-protetores-faciais-para-aumentar-seguranca-de-profissionais<\/span><\/p><p class=\"c2\"><span class=\"c4 c8\">PET Sa\u00fade fornece material para costureiras do Padre Faria produzirem m\u00e1scaras<\/span><\/p><p class=\"c2\"><span class=\"c13 c20\">https:\/\/ufop.br\/noticias\/coronavirus\/pet-saude-fornece-material-para-costureiras-do-padre-faria-produzirem-mascaras<\/span><\/p><p class=\"c2\"><span class=\"c4 c8\">Pesquisadores da UFOP doam equipamentos para posto de sa\u00fade de Ouro Preto<\/span><\/p><p class=\"c2\"><span class=\"c13 c20\">https:\/\/ufop.br\/noticias\/coronavirus\/pesquisadores-da-ufop-doam-equipamentos-para-posto-de-saude-de-ouro-preto<\/span><\/p><p class=\"c2\"><span class=\"c4 c8\">UFOP \u00e9 parceira no Hospital de Campanha de Ouro Preto inaugurado na segunda (13)<\/span><\/p><p class=\"c2\"><span class=\"c13 c20\">https:\/\/ufop.br\/noticias\/coronavirus\/ufop-e-parceira-no-hospital-de-campanha-de-ouro-preto-inaugurado-na-segunda-13<\/span><\/p><p class=\"c2\"><span class=\"c4 c8\">UFOP cria Comit\u00ea de Preven\u00e7\u00e3o ao Coronav\u00edrus<\/span><\/p><p class=\"c2\"><span class=\"c13 c20\">https:\/\/ufop.br\/noticias\/institucional\/ufop-cria-comite-de-prevencao-ao-coronavirus<\/span><\/p><p class=\"c2\"><span class=\"c4 c8\">Campanha da UFOP entrega EPIs a asilo e postos de sa\u00fade<\/span><\/p><p class=\"c2\"><span class=\"c13 c20\">https:\/\/ufop.br\/noticias\/coronavirus\/campanha-da-ufop-entrega-epis-asilo-e-postos-de-saude<\/span><\/p><p class=\"c2\"><span class=\"c4 c8\">Professores do Departamento de M\u00fasica fazem apresenta\u00e7\u00f5es de casa durante a quarentena<\/span><\/p><p class=\"c2\"><span class=\"c13 c20\">https:\/\/ufop.br\/noticias\/extensao-e-cultura\/professores-do-departamento-de-musica-fazem-apresentacoes-de-casa<\/span><\/p><p class=\"c2\"><span class=\"c4 c8\">Professores debatem a pandemia do ponto de vista do Direito<\/span><\/p><p class=\"c2\"><span class=\"c13 c20\">https:\/\/ufop.br\/noticias\/coronavirus\/professores-debatem-pandemia-do-ponto-de-vista-do-direito<\/span><\/p><p class=\"c2\"><span class=\"c4 c8\">Direito de dizer adeus \u00e9 tema do segundo v\u00eddeo da s\u00e9rie &#8220;Di\u00e1logos&#8221;<\/span><\/p><p class=\"c2\"><span class=\"c13 c20\">https:\/\/ufop.br\/noticias\/coronavirus\/direito-de-dizer-adeus-e-tema-do-segundo-video-da-serie-dialogos<\/span><\/p><p class=\"c2\"><span class=\"c4 c8\">Comit\u00ea discute a\u00e7\u00f5es da UFOP em parceria com o munic\u00edpio de Ouro Preto<\/span><\/p><p class=\"c2\"><span class=\"c13 c20\">https:\/\/ufop.br\/noticias\/coronavirus\/comite-discute-acoes-da-ufop-em-parceria-com-o-municipio-de-ouro-preto<\/span><\/p><p class=\"c2\"><span class=\"c4 c8\">Professores refletem sobre a import\u00e2ncia da ci\u00eancia em meio a pandemias<\/span><\/p><p class=\"c2\"><span class=\"c13 c20\">https:\/\/ufop.br\/noticias\/pesquisa-e-inovacao\/professores-refletem-sobre-importancia-da-ciencia-em-meio-pandemias<\/span><\/p><p class=\"c19\"><span class=\"c4 c8\">Departamento de Qu\u00edmica e Farm\u00e1cia Escola da UFPR se mobilizam para produ\u00e7\u00e3o de \u00e1lcool em gel<\/span><\/p><p class=\"c2\"><span class=\"c3\"><a class=\"c5\" href=\"https:\/\/www.google.com\/url?q=https:\/\/www.ufpr.br\/portalufpr\/noticias\/departamento-de-quimica-e-farmacia-escola-da-ufpr-se-mobilizam-para-producao-de-alcool-gel\/&amp;sa=D&amp;source=editors&amp;ust=1622713899621000&amp;usg=AOvVaw1KM78b750PipcvRypFCoPA\" target=\"_blank\" rel=\"noopener\">https:\/\/www.ufpr.br\/portalufpr\/noticias\/departamento-de-quimica-e-farmacia-escola-da-ufpr-se-mobilizam-para-producao-de-alcool-gel\/<\/a><\/span><\/p><p class=\"c2\"><span class=\"c4 c8\">COVID-19 mobiliza mais de 140 pesquisadores apoiados pela FAPESP em quatro universidades paulistas | AG\u00caNCIA FAPESP<\/span><\/p><p class=\"c2\"><span class=\"c3\"><a class=\"c5\" href=\"https:\/\/www.google.com\/url?q=http:\/\/agencia.fapesp.br\/covid-19-mobiliza-mais-de-140-pesquisadores-apoiados-pela-fapesp-em-quatro-universidades-paulistas\/32991\/&amp;sa=D&amp;source=editors&amp;ust=1622713899622000&amp;usg=AOvVaw28ZCahbKM0afByo_V2ZcSm\" target=\"_blank\" rel=\"noopener\">http:\/\/agencia.fapesp.br\/covid-19-mobiliza-mais-de-140-pesquisadores-apoiados-pela-fapesp-em-quatro-universidades-paulistas\/32991\/<\/a><\/span><\/p><p class=\"c2\"><span class=\"c4 c8\">&#8220;COVID19: QUO VADIS?&#8221;\u200b<\/span><\/p><p class=\"c2\"><span class=\"c3\"><a class=\"c5\" href=\"https:\/\/www.google.com\/url?q=https:\/\/www.linkedin.com\/pulse\/covid19-quo-vadis-luciane-stallivieri&amp;sa=D&amp;source=editors&amp;ust=1622713899622000&amp;usg=AOvVaw3u9Xbx8Q78XS0sxjbwshpX\" target=\"_blank\" rel=\"noopener\">https:\/\/www.linkedin.com\/pulse\/covid19-quo-vadis-luciane-stallivieri<\/a><\/span><\/p><p class=\"c2\"><span class=\"c42\">\u00a0<\/span><span class=\"c6\">\u00a0<\/span><\/p><p class=\"c22 c25\"><span class=\"c29 c16 c32\">IES Estrangeiras e Organiza\u00e7\u00f5es Internacionais<\/span><\/p><p class=\"c22 c25\"><span class=\"c32 c29 c16\">Foreigner HEI and International Organizations<\/span><\/p><p class=\"c24\"><span class=\"c0\">Higher education internationalists need to be disruptive<\/span><\/p><p class=\"c24\"><span class=\"c3 c16\"><a class=\"c5\" href=\"https:\/\/www.google.com\/url?q=https:\/\/www.universityworldnews.com\/post.php?story%3D20200501144452900&amp;sa=D&amp;source=editors&amp;ust=1622713899623000&amp;usg=AOvVaw1DdA6h_-jqdlieJqjnyicR\" target=\"_blank\" rel=\"noopener\">https:\/\/www.universityworldnews.com\/post.php?story=20200501144452900<\/a><\/span><\/p><p class=\"c24\"><span class=\"c0\">International virtual education needs greater support<\/span><\/p><p class=\"c24\"><span class=\"c3 c16\"><a class=\"c5\" href=\"https:\/\/www.google.com\/url?q=https:\/\/www.universityworldnews.com\/post.php?story%3D20200518150642841&amp;sa=D&amp;source=editors&amp;ust=1622713899624000&amp;usg=AOvVaw2bFe7mdt_xJO0BY6qsxz_N\" target=\"_blank\" rel=\"noopener\">https:\/\/www.universityworldnews.com\/post.php?story=20200518150642841<\/a><\/span><\/p><p class=\"c22\"><span class=\"c0\">How French Universities Responded to Covid-19<\/span><\/p><p class=\"c2\"><span class=\"c11 c16\"><a class=\"c5\" href=\"https:\/\/www.google.com\/url?q=https:\/\/www.institutmontaigne.org\/en\/blog\/how-french-universities-responded-covid-19&amp;sa=D&amp;source=editors&amp;ust=1622713899624000&amp;usg=AOvVaw3xabyvr_lIseUKMVsyrUYg\" target=\"_blank\" rel=\"noopener\">https:\/\/www.institutmontaigne.org\/en\/blog\/how-french-universities-responded-covid-19<\/a><\/span><\/p><p class=\"c2\"><span class=\"c0\">NAFSA International Educator &#8211; June 2020: Learning Together, Apart<\/span><\/p><p class=\"c2\"><span class=\"c23 c33 c16\"><a class=\"c5\" href=\"https:\/\/www.google.com\/url?q=https:\/\/www.nafsa.org\/ie-magazine\/issue\/29\/6\/june-2020-learning-together-apart&amp;sa=D&amp;source=editors&amp;ust=1622713899625000&amp;usg=AOvVaw0E_dVgrZU45oEBDQsC7q8G\" target=\"_blank\" rel=\"noopener\">https:\/\/www.nafsa.org\/ie-magazine\/issue\/29\/6\/june-2020-learning-together-apart<\/a><\/span><\/p><p class=\"c2\"><span class=\"c0\">\u00a0<\/span><\/p><p class=\"c2\"><span class=\"c0\">Innovar en tiempos de virtualidad (e incertidumbre) \u2013 Uniandes, Col\u00f4mbia<\/span><\/p><p class=\"c2\"><span class=\"c11\"><a class=\"c5\" href=\"https:\/\/www.google.com\/url?q=https:\/\/uniandes.edu.co\/es\/noticias\/educacion\/innovar-en-tiempos-de-virtualidad-e-incertidumbre&amp;sa=D&amp;source=editors&amp;ust=1622713899625000&amp;usg=AOvVaw3W1CW9qkiDfI2pguz8iQxq\" target=\"_blank\" rel=\"noopener\">https:\/\/uniandes.edu.co\/es\/noticias\/educacion\/innovar-en-tiempos-de-virtualidad-e-incertidumbre<\/a><\/span><\/p><p class=\"c2\"><span class=\"c6\">\u00a0<\/span><\/p><p class=\"c2\"><span class=\"c0\">Covid-19: Institui\u00e7\u00f5es do ensino superior emprestam computadores aos estudantes (Portugal)<\/span><\/p><p class=\"c2\"><span class=\"c11\"><a class=\"c5\" href=\"https:\/\/www.google.com\/url?q=https:\/\/www.publico.pt\/2020\/04\/01\/sociedade\/noticia\/covid19-instituicoes-ensino-superior-emprestam-computadores-estudantes-1910537&amp;sa=D&amp;source=editors&amp;ust=1622713899626000&amp;usg=AOvVaw1LqfVXAzNa4tSyfvHlegQn\" target=\"_blank\" rel=\"noopener\">https:\/\/www.publico.pt\/2020\/04\/01\/sociedade\/noticia\/covid19-instituicoes-ensino-superior-emprestam-computadores-estudantes-1910537<\/a><\/span><\/p><p class=\"c22\"><span class=\"c0\">\u00a0<\/span><\/p><p class=\"c2\"><span class=\"c0\">UCW Students have access to mental health support with keep.mesafe<\/span><\/p><p class=\"c2\"><span class=\"c11\"><a class=\"c5\" href=\"https:\/\/www.google.com\/url?q=https:\/\/www.ucanwest.ca\/media\/university-news\/ucw-students-have-access-to-mental-health-support-with-keepmesafe&amp;sa=D&amp;source=editors&amp;ust=1622713899626000&amp;usg=AOvVaw3aqSO-SFpUtXj0_9XIjO4e\" target=\"_blank\" rel=\"noopener\">https:\/\/www.ucanwest.ca\/media\/university-news\/ucw-students-have-access-to-mental-health-support-with-keepmesafe<\/a><\/span><\/p><p class=\"c2\"><span class=\"c13 c30\">\u00a0<\/span><\/p><p class=\"c2\"><span class=\"c4 c47\">Canada Emergency Response Benefit \u2013 Coronavirus disease (COVID-19)<\/span><\/p><p class=\"c2\"><span class=\"c11\"><a class=\"c5\" href=\"https:\/\/www.google.com\/url?q=https:\/\/www.canada.ca\/en\/services\/benefits\/ei\/cerb-application.html&amp;sa=D&amp;source=editors&amp;ust=1622713899627000&amp;usg=AOvVaw1s7_WWtYHPa-YOeQT2PDkb\" target=\"_blank\" rel=\"noopener\">https:\/\/www.canada.ca\/en\/services\/benefits\/ei\/cerb-application.html<\/a><\/span><\/p><p class=\"c2\"><span class=\"c6\">Canada: some int\u2019l students eligible for support<\/span><\/p><p class=\"c2\"><span class=\"c11\"><a class=\"c5\" href=\"https:\/\/www.google.com\/url?q=https:\/\/thepienews.com\/news\/some-international-students-eligible-for-support-in-canada\/?mc_cid%3D802bf78d23%26mc_eid%3D48957f3ee8&amp;sa=D&amp;source=editors&amp;ust=1622713899627000&amp;usg=AOvVaw2k4lcSt61svI2YQTfWPaqa\" target=\"_blank\" rel=\"noopener\">https:\/\/thepienews.com\/news\/some-international-students-eligible-for-support-in-canada\/?mc_cid=802bf78d23&amp;mc_eid=48957f3ee8<\/a><\/span><\/p><p class=\"c2\"><span class=\"c6\">\u00a0<\/span><\/p><p class=\"c2\"><span class=\"c0\">Global Affairs Canada Information for International Students<\/span><\/p><p class=\"c2\"><span class=\"c11\"><a class=\"c5\" href=\"https:\/\/www.google.com\/url?q=https:\/\/www.languagescanada.ca\/web\/default\/files\/covid19\/Information%2520for%2520international%2520students%2520-%2520COVID-19%2520FINAL%2520TCS%2520GAC%2520letterhead%2520-%2520UPDATED%2520Apr%25203%25202020.pdf&amp;sa=D&amp;source=editors&amp;ust=1622713899628000&amp;usg=AOvVaw123EgY8Eezpnk7qwbGyBVy\" target=\"_blank\" rel=\"noopener\">https:\/\/www.languagescanada.ca\/web\/default\/files\/covid19\/Information%20for%20international%20students%20-%20COVID-19%20FINAL%20TCS%20GAC%20letterhead%20-%20UPDATED%20Apr%203%202020.pdf<\/a><\/span><\/p><p class=\"c2\"><span class=\"c6\">\u00a0<\/span><\/p><p class=\"c2\"><span class=\"c0\">Supporting International students with isolation and loneliness during self-isolation<\/span><\/p><p class=\"c2\"><span class=\"c11\"><a class=\"c5\" href=\"https:\/\/www.google.com\/url?q=https:\/\/register.gotowebinar.com\/register\/8658711649342643723?cmp%3Dnewsletter-Decision-making%2Bin%2BTimes%2Bof%2BCrisis%2B-%2BMarch%2B17%252C%2B2020&amp;sa=D&amp;source=editors&amp;ust=1622713899628000&amp;usg=AOvVaw2ZccVLLfzm9PBgb3c5Sn1y\" target=\"_blank\" rel=\"noopener\">https:\/\/register.gotowebinar.com\/register\/8658711649342643723?cmp=newsletter-Decision-making+in+Times+of+Crisis+-+March+17%2C+2020<\/a><\/span><span class=\"c6\">\u00a0<\/span><\/p><p class=\"c2\"><span class=\"c4 c21 c37\">Universities brace for huge losses as foreign students drop out<\/span><\/p><p class=\"c2\"><span class=\"c11\"><a class=\"c5\" href=\"https:\/\/www.google.com\/url?q=https:\/\/www.theguardian.com\/education\/2020\/apr\/11\/universities-brace-for-huge-losses-as-foreign-students-drop-out&amp;sa=D&amp;source=editors&amp;ust=1622713899629000&amp;usg=AOvVaw2R_b393f5NcZ6rVjwmRlWA\" target=\"_blank\" rel=\"noopener\">https:\/\/www.theguardian.com\/education\/2020\/apr\/11\/universities-brace-for-huge-losses-as-foreign-students-drop-out<\/a><\/span><\/p><p class=\"c22\"><span class=\"c0\">NAFSA: \u00a0Coronavirus Critical Resources<\/span><\/p><p class=\"c2\"><span class=\"c11\"><a class=\"c5\" href=\"https:\/\/www.google.com\/url?q=https:\/\/www.nafsa.org\/regulatory-information\/coronavirus-critical-resources&amp;sa=D&amp;source=editors&amp;ust=1622713899629000&amp;usg=AOvVaw2ERQRYO8749_WXNRFyRQLj\" target=\"_blank\" rel=\"noopener\">https:\/\/www.nafsa.org\/regulatory-information\/coronavirus-critical-resources<\/a><\/span><span class=\"c0\">\u00a0<\/span><\/p><p class=\"c2\"><span class=\"c0\">EAIE: An open letter to the European Commission: COVID-19 and beyond<\/span><\/p><p class=\"c2\"><span class=\"c11\"><a class=\"c5\" href=\"https:\/\/www.google.com\/url?q=https:\/\/www.eaie.org\/blog\/open-letter-european-commission-covid-19.html&amp;sa=D&amp;source=editors&amp;ust=1622713899630000&amp;usg=AOvVaw3XA7stYO8PgpPTCmXjgifg\" target=\"_blank\" rel=\"noopener\">https:\/\/www.eaie.org\/blog\/open-letter-european-commission-covid-19.html<\/a><\/span><\/p><p class=\"c2\"><span class=\"c0\">EAIE: Chess without a queen: beyond COVID-19<\/span><\/p><p class=\"c2\"><span class=\"c11\"><a class=\"c5\" href=\"https:\/\/www.google.com\/url?q=https:\/\/www.eaie.org\/blog\/chess-without-queen.html&amp;sa=D&amp;source=editors&amp;ust=1622713899630000&amp;usg=AOvVaw1yiHj8B6JERnllBH8Piioa\" target=\"_blank\" rel=\"noopener\">https:\/\/www.eaie.org\/blog\/chess-without-queen.html<\/a><\/span><\/p><p class=\"c2\"><span class=\"c0\">EAIE: New EAIE report on the impact of COVID-19<\/span><\/p><p class=\"c2\"><span class=\"c11\"><a class=\"c5\" href=\"https:\/\/www.google.com\/url?q=https:\/\/www.eaie.org\/blog\/coping-covid-report.html&amp;sa=D&amp;source=editors&amp;ust=1622713899631000&amp;usg=AOvVaw3HPUhmXFKsqmbA6XWDmlMW\" target=\"_blank\" rel=\"noopener\">https:\/\/www.eaie.org\/blog\/coping-covid-report.html<\/a><\/span><\/p><p class=\"c2\"><span class=\"c0\">EAIE: Supporting students affected by coronavirus<\/span><\/p><p class=\"c2\"><span class=\"c11\"><a class=\"c5\" href=\"https:\/\/www.google.com\/url?q=https:\/\/www.eaie.org\/blog\/supporting-students-coronavirus.html&amp;sa=D&amp;source=editors&amp;ust=1622713899631000&amp;usg=AOvVaw2dhtexEuyPZIIVDIZQPsJ-\" target=\"_blank\" rel=\"noopener\">https:\/\/www.eaie.org\/blog\/supporting-students-coronavirus.html<\/a><\/span><\/p><p class=\"c2\"><span class=\"c6\">\u00a0<\/span><\/p><p class=\"c2\"><span class=\"c0\">EAIE: How higher education institutions can respond to COVID-19<\/span><\/p><p class=\"c2\"><span class=\"c11\"><a class=\"c5\" href=\"https:\/\/www.google.com\/url?q=https:\/\/www.eaie.org\/blog\/how-higher-education-institutions-respond-covid-19.html&amp;sa=D&amp;source=editors&amp;ust=1622713899632000&amp;usg=AOvVaw3WByc_XOko2YkFNCGDwNzd\" target=\"_blank\" rel=\"noopener\">https:\/\/www.eaie.org\/blog\/how-higher-education-institutions-respond-covid-19.html<\/a><\/span><\/p><p class=\"c22\"><span class=\"c0\">\u00a0<\/span><\/p><p class=\"c2\"><span class=\"c0\">IAU: The impact of COVID-19 on higher education worldwide &#8211; Resources for Higher Education Institutions<\/span><\/p><p class=\"c2\"><span class=\"c11\"><a class=\"c5\" href=\"https:\/\/www.google.com\/url?q=https:\/\/www.iau-aiu.net\/IMG\/pdf\/covid-19_and_he_resources_page.pdf&amp;sa=D&amp;source=editors&amp;ust=1622713899632000&amp;usg=AOvVaw3zZIS12cDBLU2TaK4qkUqZ\" target=\"_blank\" rel=\"noopener\">https:\/\/www.iau-aiu.net\/IMG\/pdf\/covid-19_and_he_resources_page.pdf<\/a><\/span><\/p><p class=\"c2\"><span class=\"c0\">\u00a0<\/span><\/p><p class=\"c2\"><span class=\"c0\">IAU Global Survey: Impact of COVID-19 on Higher Education<\/span><\/p><p class=\"c2\"><span class=\"c11\"><a class=\"c5\" href=\"https:\/\/www.google.com\/url?q=https:\/\/www.surveymonkey.com\/r\/IAUCOVID19b&amp;sa=D&amp;source=editors&amp;ust=1622713899632000&amp;usg=AOvVaw1H4Grx9domgdP-7P-BYm7M\" target=\"_blank\" rel=\"noopener\">https:\/\/www.surveymonkey.com\/r\/IAUCOVID19b<\/a><\/span><\/p><p class=\"c2\"><span class=\"c6\">\u00a0<\/span><\/p><p class=\"c2\"><span class=\"c0\">Campus France: Information Coronavirus COVID-19<\/span><\/p><p class=\"c2\"><span class=\"c11\"><a class=\"c5\" href=\"https:\/\/www.google.com\/url?q=https:\/\/www.campusfrance.org\/fr\/information-coronavirus&amp;sa=D&amp;source=editors&amp;ust=1622713899633000&amp;usg=AOvVaw10O2aZr76_cHVz7olf2jxn\" target=\"_blank\" rel=\"noopener\">https:\/\/www.campusfrance.org\/fr\/information-coronavirus<\/a><\/span><\/p><p class=\"c2\"><span class=\"c0\">\u00a0<\/span><\/p><p class=\"c2\"><span class=\"c0\">SEPIE (Espanha): \u00a0Informaci\u00f3n sobre el Coronavirus<\/span><\/p><p class=\"c2\"><span class=\"c11\"><a class=\"c5\" href=\"https:\/\/www.google.com\/url?q=http:\/\/sepie.es\/coronavirus.html&amp;sa=D&amp;source=editors&amp;ust=1622713899633000&amp;usg=AOvVaw0KfTy_VqeXdciG6xULNV_6\" target=\"_blank\" rel=\"noopener\">http:\/\/sepie.es\/coronavirus.html<\/a><\/span><\/p><p class=\"c2\"><span class=\"c0\">IIE Releases Survey on Effects of COVID-19 on International Students and Study Abroad<\/span><\/p><p class=\"c2\"><span class=\"c11\"><a class=\"c5\" href=\"https:\/\/www.google.com\/url?q=https:\/\/www.iie.org\/en\/Why-IIE\/Announcements\/2020\/03\/IIE-Releases-Survey-on-Effects-of-COVID-19-on-International-Students-and-Study-Abroad&amp;sa=D&amp;source=editors&amp;ust=1622713899634000&amp;usg=AOvVaw3ALdWK5TtWdxuyXDwZrP5Y\" target=\"_blank\" rel=\"noopener\">https:\/\/www.iie.org\/en\/Why-IIE\/Announcements\/2020\/03\/IIE-Releases-Survey-on-Effects-of-COVID-19-on-International-Students-and-Study-Abroad<\/a><\/span><\/p><p class=\"c2\"><span class=\"c0\">\u00a0<\/span><\/p><p class=\"c2 c50\"><span class=\"c0\">NUFFIC (Holanda): Impact of the coronavirus (COVID-19) on education and on our services<\/span><\/p><p class=\"c2\"><span class=\"c11\"><a class=\"c5\" href=\"https:\/\/www.google.com\/url?q=https:\/\/www.nuffic.nl\/en\/subjects\/coronavirus\/&amp;sa=D&amp;source=editors&amp;ust=1622713899634000&amp;usg=AOvVaw3li5VnwTvcGeOgdT9CcEuk\" target=\"_blank\" rel=\"noopener\">https:\/\/www.nuffic.nl\/en\/subjects\/coronavirus\/<\/a><\/span><\/p><p class=\"c2\"><span class=\"c0\">Coronav\u00edrus: Consequ\u00eancias para as atividades de mobilidade dos programas Erasmus+ e Corpo Europeu de Solidariedade<\/span><\/p><p class=\"c2\"><span class=\"c11\"><a class=\"c5\" href=\"https:\/\/www.google.com\/url?q=https:\/\/ec.europa.eu\/programmes\/erasmus-plus\/news\/coronavirus-consequences-erasmus-and-european-solidarity-corps-mobility-activities_pt&amp;sa=D&amp;source=editors&amp;ust=1622713899635000&amp;usg=AOvVaw2fogrMVmGKFRoWNAKrzpyD\" target=\"_blank\" rel=\"noopener\">https:\/\/ec.europa.eu\/programmes\/erasmus-plus\/news\/coronavirus-consequences-erasmus-and-european-solidarity-corps-mobility-activities_pt<\/a><\/span><\/p><p class=\"c2\"><span class=\"c0\">Universities in lockdown: the good, the bad and the ugly of online teaching<\/span><\/p><p class=\"c2\"><span class=\"c11\"><a class=\"c5\" href=\"https:\/\/www.google.com\/url?q=https:\/\/sciencebusiness.net\/news\/universities-lockdown-good-bad-and-ugly-online-teaching&amp;sa=D&amp;source=editors&amp;ust=1622713899635000&amp;usg=AOvVaw1DKcNB3KO9ZziOEVp5-7iN\" target=\"_blank\" rel=\"noopener\">https:\/\/sciencebusiness.net\/news\/universities-lockdown-good-bad-and-ugly-online-teaching<\/a><\/span><\/p><p class=\"c2\"><span class=\"c0\">\u00a0<\/span><\/p><p class=\"c2\"><span class=\"c0\">IDP Austr\u00e1lia: Information for International Students<\/span><\/p><p class=\"c2\"><span class=\"c11\"><a class=\"c5\" href=\"https:\/\/www.google.com\/url?q=https:\/\/www.idp.com\/partners\/corona-virus-information-for-students\/&amp;sa=D&amp;source=editors&amp;ust=1622713899636000&amp;usg=AOvVaw05z5w9LfGgQbREqJWm0zrD\" target=\"_blank\" rel=\"noopener\">https:\/\/www.idp.com\/partners\/corona-virus-information-for-students\/<\/a><\/span><\/p><p class=\"c2\"><span class=\"c0\">COVID-19: The internationalisation revolution that isn\u2019t<\/span><\/p><p class=\"c2\"><span class=\"c11\"><a class=\"c5\" href=\"https:\/\/www.google.com\/url?q=https:\/\/www.universityworldnews.com\/post.php?story%3D20200312143728370&amp;sa=D&amp;source=editors&amp;ust=1622713899636000&amp;usg=AOvVaw3kfydEQDecF101hboc7-Yl\" target=\"_blank\" rel=\"noopener\">https:\/\/www.universityworldnews.com\/post.php?story=20200312143728370<\/a><\/span><\/p><p class=\"c2\"><span class=\"c0\">Post pandemic outlook for HE is bleakest for the poorest<\/span><\/p><p class=\"c2\"><span class=\"c11\"><a class=\"c5\" href=\"https:\/\/www.google.com\/url?q=https:\/\/www.universityworldnews.com\/post.php?story%3D20200402152914362&amp;sa=D&amp;source=editors&amp;ust=1622713899637000&amp;usg=AOvVaw2aFDho_-MjejjEazRX7k5c\" target=\"_blank\" rel=\"noopener\">https:\/\/www.universityworldnews.com\/post.php?story=20200402152914362<\/a><\/span><\/p><p class=\"c2\"><span class=\"c6\">\u00a0<\/span><\/p><p class=\"c2\"><span class=\"c4 c12\">9 ways UN teams around the world are fighting COVID-19<\/span><\/p><p class=\"c2\"><span class=\"c11\"><a class=\"c5\" href=\"https:\/\/www.google.com\/url?q=https:\/\/unsdg.un.org\/latest\/stories\/9-ways-un-teams-around-world-are-fighting-covid-19?fbclid%3DIwAR0mMShIMy4WRXfX1RD1mTENKbB05a3X3PWzgP9ini3V9GK3gkypkb2Moac&amp;sa=D&amp;source=editors&amp;ust=1622713899637000&amp;usg=AOvVaw0mj2nhxTY7uWQTH487aOVk\" target=\"_blank\" rel=\"noopener\">https:\/\/unsdg.un.org\/latest\/stories\/9-ways-un-teams-around-world-are-fighting-covid-19<\/a><\/span><\/p><p class=\"c2\"><span class=\"c0\">Royal Roads University&#8217;s response to COVID-19<\/span><\/p><p class=\"c2\"><span class=\"c11\"><a class=\"c5\" href=\"https:\/\/www.google.com\/url?q=https:\/\/www.royalroads.ca\/news-events\/covid-19&amp;sa=D&amp;source=editors&amp;ust=1622713899638000&amp;usg=AOvVaw3W6SneZG5FRSLTQJVLlBjb\" target=\"_blank\" rel=\"noopener\">https:\/\/www.royalroads.ca\/news-events\/covid-19<\/a><\/span><\/p><p class=\"c2\"><span class=\"c0\">Erasmus Students Network releases the biggest research on the impacto of COVID-19 on student exchanges in Europe<\/span><\/p><p class=\"c2\"><span class=\"c11\"><a class=\"c5\" href=\"https:\/\/www.google.com\/url?q=https:\/\/esn.org\/covidimpact-report&amp;sa=D&amp;source=editors&amp;ust=1622713899638000&amp;usg=AOvVaw2ynPR2Pc_r0Hnn9qG7-plk\" target=\"_blank\" rel=\"noopener\">https:\/\/esn.org\/covidimpact-report<\/a><\/span><\/p><p class=\"c2\"><span class=\"c0\">La educaci\u00f3n en Am\u00e9rica Latina y el Caribe ante el COVID-19 (UNESCO)<\/span><\/p><p class=\"c2\"><span class=\"c11\"><a class=\"c5\" href=\"https:\/\/www.google.com\/url?q=https:\/\/es.unesco.org\/fieldoffice\/santiago\/covid-19-education-alc&amp;sa=D&amp;source=editors&amp;ust=1622713899639000&amp;usg=AOvVaw3D88DR6mtG2qzbwcdA0NC6\" target=\"_blank\" rel=\"noopener\">https:\/\/es.unesco.org\/fieldoffice\/santiago\/covid-19-education-alc<\/a><\/span><\/p><p class=\"c2\"><span class=\"c0\">A framework to guide an education response to the COVID-19 Pandemic of 2020<\/span><\/p><p class=\"c2\"><span class=\"c11\"><a class=\"c5\" href=\"https:\/\/www.google.com\/url?q=https:\/\/globaled.gse.harvard.edu\/files\/geii\/files\/framework_guide_v2.pdf&amp;sa=D&amp;source=editors&amp;ust=1622713899639000&amp;usg=AOvVaw0-zXp92-OV94JlJ3hXgg78\" target=\"_blank\" rel=\"noopener\">https:\/\/globaled.gse.harvard.edu\/files\/geii\/files\/framework_guide_v2.pdf<\/a><\/span><\/p><p class=\"c2\"><span class=\"c0\">\u00a0<\/span><\/p><p class=\"c2\"><span class=\"c0\">Um roteiro para guiar a resposta educacional \u00e0 Pandemia da COVID-19 de 2020<\/span><\/p><p class=\"c2\"><span class=\"c11\"><a class=\"c5\" href=\"https:\/\/www.google.com\/url?q=https:\/\/globaled.gse.harvard.edu\/files\/geii\/files\/um_roteiro_para_guiar_a_resposta_educacional_a_pandemia_da_covid-19_reimersschleicher_ceipe_30032020_1.pdf&amp;sa=D&amp;source=editors&amp;ust=1622713899640000&amp;usg=AOvVaw12zYd7Lg6X4RZIjqyrkqn-\" target=\"_blank\" rel=\"noopener\">https:\/\/globaled.gse.harvard.edu\/files\/geii\/files\/um_roteiro_para_guiar_a_resposta_educacional_a_pandemia_da_covid-19_reimersschleicher_ceipe_30032020_1.pdf<\/a><\/span><\/p><p class=\"c2\"><span class=\"c0\">Survey reveals impact of epidemic on study abroad plan<\/span><\/p><p class=\"c2\"><span class=\"c11\"><a class=\"c5\" href=\"https:\/\/www.google.com\/url?q=https:\/\/www.universityworldnews.com\/post.php?story%3D20200228054554409&amp;sa=D&amp;source=editors&amp;ust=1622713899641000&amp;usg=AOvVaw1Pr4EHlYoAF7nQJwlz1sbX\" target=\"_blank\" rel=\"noopener\">https:\/\/www.universityworldnews.com\/post.php?story=20200228054554409<\/a><\/span><\/p><p class=\"c2\"><span class=\"c0\">Coronavirus: Universities have duty of care to students<\/span><\/p><p class=\"c2\"><span class=\"c11\"><a class=\"c5\" href=\"https:\/\/www.google.com\/url?q=https:\/\/www.universityworldnews.com\/post.php?story%3D20200211074804247&amp;sa=D&amp;source=editors&amp;ust=1622713899641000&amp;usg=AOvVaw0hP1NOW1ZQdQU8lCC6fAKd\" target=\"_blank\" rel=\"noopener\">https:\/\/www.universityworldnews.com\/post.php?story=20200211074804247<\/a><\/span><\/p><p class=\"c2\"><span class=\"c0\">The biggest crisis to hit international HE in Australia<\/span><\/p><p class=\"c2\"><span class=\"c11\"><a class=\"c5\" href=\"https:\/\/www.google.com\/url?q=https:\/\/www.universityworldnews.com\/post.php?story%3D20200207105514341&amp;sa=D&amp;source=editors&amp;ust=1622713899641000&amp;usg=AOvVaw1i4fWyOkQ-NhbXt4vaLAOw\" target=\"_blank\" rel=\"noopener\">https:\/\/www.universityworldnews.com\/post.php?story=20200207105514341<\/a><\/span><\/p><p class=\"c2\"><span class=\"c0\">Crisis is making online education economy go mainstream<\/span><\/p><p class=\"c2\"><span class=\"c11\"><a class=\"c5\" href=\"https:\/\/www.google.com\/url?q=https:\/\/www.universityworldnews.com\/post.php?story%3D20200302091409436&amp;sa=D&amp;source=editors&amp;ust=1622713899642000&amp;usg=AOvVaw2IG7yA3NOTlyuhJugaQjbE\" target=\"_blank\" rel=\"noopener\">https:\/\/www.universityworldnews.com\/post.php?story=20200302091409436<\/a><\/span><\/p><p class=\"c2\"><span class=\"c0\">Survey reveals impact of epidemic on study abroad plans<\/span><\/p><p class=\"c2\"><span class=\"c11\"><a class=\"c5\" href=\"https:\/\/www.google.com\/url?q=https:\/\/www.universityworldnews.com\/post.php?story%3D20200228054554409&amp;sa=D&amp;source=editors&amp;ust=1622713899643000&amp;usg=AOvVaw2MC1nAz9B85V4Ab8CQJ6JT\" target=\"_blank\" rel=\"noopener\">https:\/\/www.universityworldnews.com\/post.php?story=20200228054554409<\/a><\/span><\/p><p class=\"c2\"><span class=\"c0\">Universities need to prepare better for high risk crises<\/span><\/p><p class=\"c2\"><span class=\"c11\"><a class=\"c5\" href=\"https:\/\/www.google.com\/url?q=https:\/\/www.universityworldnews.com\/post.php?story%3D20200302103912399&amp;sa=D&amp;source=editors&amp;ust=1622713899644000&amp;usg=AOvVaw0XPVikqmcNhB9ia6j2txGy\" target=\"_blank\" rel=\"noopener\">https:\/\/www.universityworldnews.com\/post.php?story=20200302103912399<\/a><\/span><span class=\"c6\">\u00a0<\/span><\/p><p class=\"c2\"><span class=\"c0\">Coronavirus clouds prospects for record graduating class<\/span><\/p><p class=\"c2\"><span class=\"c11\"><a class=\"c5\" href=\"https:\/\/www.google.com\/url?q=https:\/\/www.universityworldnews.com\/post.php?story%3D20200306075634260&amp;sa=D&amp;source=editors&amp;ust=1622713899644000&amp;usg=AOvVaw0LOlE5jz5Q0JC1wHhPpeiK\" target=\"_blank\" rel=\"noopener\">https:\/\/www.universityworldnews.com\/post.php?story=20200306075634260<\/a><\/span><\/p><p class=\"c2\"><span class=\"c0\">All universities asked to \u2018consider\u2019 cancelling exchanges<\/span><\/p><p class=\"c2\"><span class=\"c11\"><a class=\"c5\" href=\"https:\/\/www.google.com\/url?q=https:\/\/www.universityworldnews.com\/post.php?story%3D20200305145329221&amp;sa=D&amp;source=editors&amp;ust=1622713899645000&amp;usg=AOvVaw3_eP2WazwxlQ-YLOUhgDQ6\" target=\"_blank\" rel=\"noopener\">https:\/\/www.universityworldnews.com\/post.php?story=20200305145329221<\/a><\/span><\/p><p class=\"c2\"><span class=\"c0\">An opportunity to change international higher education?<\/span><\/p><p class=\"c2\"><span class=\"c11\"><a class=\"c5\" href=\"https:\/\/www.google.com\/url?q=https:\/\/www.universityworldnews.com\/post.php?story%3D20200318145041997&amp;sa=D&amp;source=editors&amp;ust=1622713899646000&amp;usg=AOvVaw2iLfYxSrHRh4X7qeJ73jBX\" target=\"_blank\" rel=\"noopener\">https:\/\/www.universityworldnews.com\/post.php?story=20200318145041997<\/a><\/span><\/p><p class=\"c2\"><span class=\"c0\">Internationalising higher education for a better world<\/span><\/p><p class=\"c2\"><span class=\"c11\"><a class=\"c5\" href=\"https:\/\/www.google.com\/url?q=https:\/\/www.universityworldnews.com\/post.php?story%3D20200407095746850&amp;sa=D&amp;source=editors&amp;ust=1622713899646000&amp;usg=AOvVaw2IuRKKDdJX5Bsl4RptlXUX\" target=\"_blank\" rel=\"noopener\">https:\/\/www.universityworldnews.com\/post.php?story=20200407095746850<\/a><\/span><\/p><p class=\"c2\"><span class=\"c0\">Coronavirus Pushes Higher Education to the Brink<\/span><\/p><p class=\"c2\"><span class=\"c11\"><a class=\"c5\" href=\"https:\/\/www.google.com\/url?q=https:\/\/www.bloomberg.com\/opinion\/articles\/2020-04-04\/coronavirus-u-s-colleges-and-universities-reach-breaking-point&amp;sa=D&amp;source=editors&amp;ust=1622713899647000&amp;usg=AOvVaw3jQ8cj3Wfdw_hJLZ3GwWHI\" target=\"_blank\" rel=\"noopener\">https:\/\/www.bloomberg.com\/opinion\/articles\/2020-04-04\/coronavirus-u-s-colleges-and-universities-reach-breaking-point<\/a><\/span><\/p><p class=\"c2\"><span class=\"c6\">\u00a0<\/span><\/p><p class=\"c2\"><span class=\"c0\">Readying for the Future: COVID-19, Higher Ed, and Fairness<\/span><\/p><p class=\"c2\"><span class=\"c3\"><a class=\"c5\" href=\"https:\/\/www.google.com\/url?q=https:\/\/medium.com\/todays-students-tomorrow-s-talent\/readying-for-the-future-covid-19-higher-ed-and-fairness-f7eeb814c0b8&amp;sa=D&amp;source=editors&amp;ust=1622713899647000&amp;usg=AOvVaw21iVDOh0VXuvz9gBGy2O9l\" target=\"_blank\" rel=\"noopener\">https:\/\/medium.com\/todays-students-tomorrow-s-talent\/readying-for-the-future-covid-19-higher-ed-and-fairness-f7eeb814c0b8<\/a><\/span><\/p><p class=\"c2\"><span class=\"c0\">Education cannot just go back to \u2018business as usual\u2019 after Covid-19<\/span><\/p><p class=\"c2\"><span class=\"c3\"><a class=\"c5\" href=\"https:\/\/www.google.com\/url?q=https:\/\/www.gulf-times.com\/story\/661279\/Education-cannot-just-go-back-to-business-as-usual&amp;sa=D&amp;source=editors&amp;ust=1622713899648000&amp;usg=AOvVaw1w-PFFi7F9labHv5lkWsWe\" target=\"_blank\" rel=\"noopener\">https:\/\/www.gulf-times.com\/story\/661279\/Education-cannot-just-go-back-to-business-as-usual<\/a><\/span><\/p><p class=\"c2\"><span class=\"c0\">COVID-19 research checks could deter global collaboration<\/span><\/p><p class=\"c2\"><span class=\"c3\"><a class=\"c5\" href=\"https:\/\/www.google.com\/url?q=https:\/\/www.universityworldnews.com\/post.php?story%3D20200415141352492&amp;sa=D&amp;source=editors&amp;ust=1622713899649000&amp;usg=AOvVaw2ipNOse04yHOxAjfjsPwWo\" target=\"_blank\" rel=\"noopener\">https:\/\/www.universityworldnews.com\/post.php?story=20200415141352492<\/a><\/span><\/p><p class=\"c2\"><span class=\"c0\">Putting fairness at the heart of higher education<\/span><\/p><p class=\"c2\"><span class=\"c3\"><a class=\"c5\" href=\"https:\/\/www.google.com\/url?q=https:\/\/www.universityworldnews.com\/post.php?story%3D20200417094523729&amp;sa=D&amp;source=editors&amp;ust=1622713899649000&amp;usg=AOvVaw0qIGZuPq_7K97GR5jI7khd\" target=\"_blank\" rel=\"noopener\">https:\/\/www.universityworldnews.com\/post.php?story=20200417094523729<\/a><\/span><\/p><p class=\"c2\"><span class=\"c16\">Ministra do Ensino Superior, Pesquisa e Inova\u00e7\u00e3o da Fran\u00e7a responde \u00e0s quest\u00f5es sobre a Covid-19<\/span><span class=\"c6\">\u00a0(em franc\u00eas)<\/span><\/p><p class=\"c2\"><span class=\"c3\"><a class=\"c5\" href=\"https:\/\/www.google.com\/url?q=https:\/\/www.youtube.com\/watch?v%3DGQqUBujg20A&amp;sa=D&amp;source=editors&amp;ust=1622713899650000&amp;usg=AOvVaw1cb18i426QaoXf-4gNjnpp\" target=\"_blank\" rel=\"noopener\">https:\/\/www.youtube.com\/watch?v=GQqUBujg20A<\/a><\/span><\/p><p class=\"c2\"><span class=\"c0\">Semin\u00e1rios web para Am\u00e9rica Latina y el Caribe &#8211; La educaci\u00f3n en Am\u00e9rica Latina y el Caribe ante el COVID-19<\/span><\/p><p class=\"c2\"><span class=\"c3\"><a class=\"c5\" href=\"https:\/\/www.google.com\/url?q=https:\/\/es.unesco.org\/node\/322376&amp;sa=D&amp;source=editors&amp;ust=1622713899651000&amp;usg=AOvVaw09JjIwL5zM3sArJNImOtqK\" target=\"_blank\" rel=\"noopener\">https:\/\/es.unesco.org\/node\/322376<\/a><\/span><\/p><p class=\"c2\"><span class=\"c0\">Universities begin considering canceling in-person classes until 2021 \u2013 CNN<\/span><\/p><p class=\"c2\"><span class=\"c3\"><a class=\"c5\" href=\"https:\/\/www.google.com\/url?q=https:\/\/edition.cnn.com\/2020\/04\/14\/us\/university-may-cancel-classes-fall-2021-trnd\/index.html&amp;sa=D&amp;source=editors&amp;ust=1622713899651000&amp;usg=AOvVaw2zKwYCHecDXN1AR_EDpJsm\" target=\"_blank\" rel=\"noopener\">https:\/\/edition.cnn.com\/2020\/04\/14\/us\/university-may-cancel-classes-fall-2021-trnd\/index.html<\/a><\/span><\/p><p class=\"c2\"><span class=\"c0\">Universidade Cat\u00f3lica Portuguesa lan\u00e7a Fundo Solidariedade COVID<\/span><\/p><p class=\"c2\"><span class=\"c3\"><a class=\"c5\" href=\"https:\/\/www.google.com\/url?q=http:\/\/www.porto.ucp.pt\/pt\/central-noticias\/universidade-catolica-lanca-fundo-solidariedade-covid&amp;sa=D&amp;source=editors&amp;ust=1622713899652000&amp;usg=AOvVaw1OvgI2R-j1wdujO5AjINqj\" target=\"_blank\" rel=\"noopener\">http:\/\/www.porto.ucp.pt\/pt\/central-noticias\/universidade-catolica-lanca-fundo-solidariedade-covid<\/a><\/span><\/p><p class=\"c2\"><span class=\"c0\">40% of students changing study abroad plans, says survey<\/span><\/p><p class=\"c2\"><span class=\"c3\"><a class=\"c5\" href=\"https:\/\/www.google.com\/url?q=https:\/\/www.universityworldnews.com\/post.php?story%3D20200414082756282&amp;sa=D&amp;source=editors&amp;ust=1622713899652000&amp;usg=AOvVaw0H0tyotNoRB0PsAd-JWtEB\" target=\"_blank\" rel=\"noopener\">https:\/\/www.universityworldnews.com\/post.php?story=20200414082756282<\/a><\/span><\/p><p class=\"c2\"><span class=\"c0\">How COVID-19 could accelerate opportunities for IHE<\/span><\/p><p class=\"c2\"><span class=\"c3\"><a class=\"c5\" href=\"https:\/\/www.google.com\/url?q=https:\/\/www.universityworldnews.com\/post.php?story%3D20200403133447141&amp;sa=D&amp;source=editors&amp;ust=1622713899653000&amp;usg=AOvVaw0XQ35tKvTCKVkEckxtUeu9\" target=\"_blank\" rel=\"noopener\">https:\/\/www.universityworldnews.com\/post.php?story=20200403133447141<\/a><\/span><\/p><p class=\"c2\"><span class=\"c0\">The Difference Between Emergency Remote Teaching and Online Learning<\/span><\/p><p class=\"c2\"><span class=\"c3\"><a class=\"c5\" href=\"https:\/\/www.google.com\/url?q=https:\/\/er.educause.edu\/articles\/2020\/3\/the-difference-between-emergency-remote-teaching-and-online-learning&amp;sa=D&amp;source=editors&amp;ust=1622713899653000&amp;usg=AOvVaw2n99cjau2i2hhM1doimW5z\" target=\"_blank\" rel=\"noopener\">https:\/\/er.educause.edu\/articles\/2020\/3\/the-difference-between-emergency-remote-teaching-and-online-learning<\/a><\/span><\/p><p class=\"c2\"><span class=\"c0\">Time to strengthen multilateralism in higher education<\/span><\/p><p class=\"c2\"><span class=\"c3\"><a class=\"c5\" href=\"https:\/\/www.google.com\/url?q=https:\/\/www.universityworldnews.com\/post.php?story%3D20200427100841585&amp;sa=D&amp;source=editors&amp;ust=1622713899654000&amp;usg=AOvVaw17rTZjwddTTS-vX5qAE6-c\" target=\"_blank\" rel=\"noopener\">https:\/\/www.universityworldnews.com\/post.php?story=20200427100841585<\/a><\/span><\/p><p class=\"c2\"><span class=\"c0\">Higher Ed Needs a Long-Term Plan for Virtual Learning<\/span><\/p><p class=\"c2\"><span class=\"c3\"><a class=\"c5\" href=\"https:\/\/www.google.com\/url?q=https:\/\/hbr.org\/2020\/05\/higher-ed-needs-a-long-term-plan-for-virtual-learning?utm_source%3Dfacebook%26utm_campaign%3Dhbr%26utm_medium%3Dsocial&amp;sa=D&amp;source=editors&amp;ust=1622713899654000&amp;usg=AOvVaw0Sx4X1IRcH4jY2xJ9VJa9C\" target=\"_blank\" rel=\"noopener\">https:\/\/hbr.org\/2020\/05\/higher-ed-needs-a-long-term-plan-for-virtual-learning?utm_source=facebook&amp;utm_campaign=hbr&amp;utm_medium=social<\/a><\/span><\/p><p class=\"c2\"><span class=\"c0\">Entrevista com presidente do CRUP, Antonio Fontainhas Fernandes<\/span><\/p><p class=\"c2\"><span class=\"c3\"><a class=\"c5\" href=\"https:\/\/www.google.com\/url?q=https:\/\/www.youtube.com\/watch?v%3DI755GOM-4WM%26feature%3Dyoutu.be&amp;sa=D&amp;source=editors&amp;ust=1622713899655000&amp;usg=AOvVaw2cy9nRuTI8xbQSC3dKbXhk\" target=\"_blank\" rel=\"noopener\">https:\/\/www.youtube.com\/watch?v=I755GOM-4WM&amp;feature=youtu.be<\/a><\/span><\/p>\t\t\t\t\t\t<\/div>\n\t\t\t\t<\/div>\n\t\t\t\t\t<\/div>\r\n\t\t\t\t<\/div>\r\n\t\t\t\t\t<\/div>\r\n\t\t\t\t<\/section>\r\n\t\t\t\t<\/div>","protected":false},"excerpt":{"rendered":"<p>REPOSIT\u00d3RIO COVID-19 FAUBAI \/ FAUBAI COVID-19 REPOSITORY REPOSIT\u00d3RIO COVID-19 FAUBAI FAUBAI COVID 19 REPOSITORY \u00a0 IES e Organiza\u00e7\u00f5es Brasileiras Brazilian HEI and Organizations IES Estrangeiras e Organiza\u00e7\u00f5es Internacionais Foreigner HEI [&hellip;]<\/p>","protected":false},"author":1,"featured_media":0,"parent":3794,"menu_order":0,"comment_status":"closed","ping_status":"closed","template":"","meta":{"_bbp_topic_count":0,"_bbp_reply_count":0,"_bbp_total_topic_count":0,"_bbp_total_reply_count":0,"_bbp_voice_count":0,"_bbp_anonymous_reply_count":0,"_bbp_topic_count_hidden":0,"_bbp_reply_count_hidden":0,"_bbp_forum_subforum_count":0,"_monsterinsights_skip_tracking":false,"_monsterinsights_sitenote_active":false,"_monsterinsights_sitenote_note":"","_monsterinsights_sitenote_category":0,"footnotes":""},"class_list":["post-4384","page","type-page","status-publish","hentry"],"_links":{"self":[{"href":"https:\/\/faubai.org.br\/en\/wp-json\/wp\/v2\/pages\/4384","targetHints":{"allow":["GET"]}}],"collection":[{"href":"https:\/\/faubai.org.br\/en\/wp-json\/wp\/v2\/pages"}],"about":[{"href":"https:\/\/faubai.org.br\/en\/wp-json\/wp\/v2\/types\/page"}],"author":[{"embeddable":true,"href":"https:\/\/faubai.org.br\/en\/wp-json\/wp\/v2\/users\/1"}],"replies":[{"embeddable":true,"href":"https:\/\/faubai.org.br\/en\/wp-json\/wp\/v2\/comments?post=4384"}],"version-history":[{"count":4,"href":"https:\/\/faubai.org.br\/en\/wp-json\/wp\/v2\/pages\/4384\/revisions"}],"predecessor-version":[{"id":4389,"href":"https:\/\/faubai.org.br\/en\/wp-json\/wp\/v2\/pages\/4384\/revisions\/4389"}],"up":[{"embeddable":true,"href":"https:\/\/faubai.org.br\/en\/wp-json\/wp\/v2\/pages\/3794"}],"wp:attachment":[{"href":"https:\/\/faubai.org.br\/en\/wp-json\/wp\/v2\/media?parent=4384"}],"curies":[{"name":"wp","href":"https:\/\/api.w.org\/{rel}","templated":true}]}}